{"id":1169,"date":"2015-09-03T22:44:05","date_gmt":"2015-09-03T21:44:05","guid":{"rendered":"http:\/\/euzet-les-bains.fr\/?page_id=1169"},"modified":"2025-06-12T15:43:15","modified_gmt":"2025-06-12T14:43:15","slug":"revue-presse-information","status":"publish","type":"page","link":"http:\/\/Euzet-les-Bains.fr\/index.php\/histoire-village-photos\/revue-presse-information\/","title":{"rendered":"Coupures de presse"},"content":{"rendered":"\t\t<div data-elementor-type=\"wp-post\" data-elementor-id=\"1169\" class=\"elementor elementor-1169\">\n\t\t\t\t\t\t<section class=\"elementor-section elementor-top-section elementor-element elementor-element-a51c19d elementor-section-boxed elementor-section-height-default elementor-section-height-default\" data-id=\"a51c19d\" data-element_type=\"section\">\n\t\t\t\t\t\t<div class=\"elementor-container elementor-column-gap-default\">\n\t\t\t\t\t<div class=\"elementor-column elementor-col-100 elementor-top-column elementor-element elementor-element-ca5b47b\" data-id=\"ca5b47b\" data-element_type=\"column\">\n\t\t\t<div class=\"elementor-widget-wrap elementor-element-populated\">\n\t\t\t\t\t\t<div class=\"elementor-element elementor-element-7c72982 elementor-widget elementor-widget-text-editor\" data-id=\"7c72982\" data-element_type=\"widget\" data-widget_type=\"text-editor.default\">\n\t\t\t\t<div class=\"elementor-widget-container\">\n\t\t\t\t\t\t\t<p><img decoding=\"async\" class=\"aligncenter size-medium wp-image-9402\" src=\"http:\/\/Euzet-les-Bains.fr\/wp-content\/uploads\/2020\/11\/Logo-revue-de-presse-1-300x163.jpg\" alt=\"\" width=\"300\" height=\"163\" srcset=\"http:\/\/Euzet-les-Bains.fr\/wp-content\/uploads\/2020\/11\/Logo-revue-de-presse-1-300x163.jpg 300w, http:\/\/Euzet-les-Bains.fr\/wp-content\/uploads\/2020\/11\/Logo-revue-de-presse-1.jpg 392w\" sizes=\"(max-width: 300px) 100vw, 300px\" \/><\/p><p class=\"Normal tm6 tm7\" style=\"text-align: center;\"><span class=\"tm8\" style=\"color: #000000;\">Vous trouverez ci dessous tous les articles parus dans la presse depuis 2015. <\/span><\/p><p class=\"Normal tm6 tm7\" style=\"text-align: center;\"><span class=\"tm8\" style=\"color: #000000;\">Bonne lecture et bon voyage dans le pass\u00e9<\/span><\/p>\t\t\t\t\t\t<\/div>\n\t\t\t\t<\/div>\n\t\t\t\t\t<\/div>\n\t\t<\/div>\n\t\t\t\t\t<\/div>\n\t\t<\/section>\n\t\t\t\t<section class=\"elementor-section elementor-top-section elementor-element elementor-element-01378c0 elementor-section-boxed elementor-section-height-default elementor-section-height-default\" data-id=\"01378c0\" data-element_type=\"section\">\n\t\t\t\t\t\t<div class=\"elementor-container elementor-column-gap-default\">\n\t\t\t\t\t<div class=\"elementor-column elementor-col-100 elementor-top-column elementor-element elementor-element-6f8fb55\" data-id=\"6f8fb55\" data-element_type=\"column\">\n\t\t\t<div class=\"elementor-widget-wrap\">\n\t\t\t\t\t\t\t<\/div>\n\t\t<\/div>\n\t\t\t\t\t<\/div>\n\t\t<\/section>\n\t\t\t\t<section class=\"elementor-section elementor-top-section elementor-element elementor-element-f60d92e elementor-section-boxed elementor-section-height-default elementor-section-height-default\" data-id=\"f60d92e\" data-element_type=\"section\">\n\t\t\t\t\t\t<div class=\"elementor-container elementor-column-gap-default\">\n\t\t\t\t\t<div class=\"elementor-column elementor-col-100 elementor-top-column elementor-element elementor-element-d517e73\" data-id=\"d517e73\" data-element_type=\"column\">\n\t\t\t<div class=\"elementor-widget-wrap elementor-element-populated\">\n\t\t\t\t\t\t<div class=\"elementor-element elementor-element-e0af6b8 elementor-widget elementor-widget-accordion\" data-id=\"e0af6b8\" data-element_type=\"widget\" data-widget_type=\"accordion.default\">\n\t\t\t\t<div class=\"elementor-widget-container\">\n\t\t\t\t\t<div class=\"elementor-accordion\">\n\t\t\t\t\t\t\t<div class=\"elementor-accordion-item\">\n\t\t\t\t\t<div id=\"elementor-tab-title-2351\" class=\"elementor-tab-title\" data-tab=\"1\" role=\"button\" aria-controls=\"elementor-tab-content-2351\" aria-expanded=\"false\">\n\t\t\t\t\t\t\t\t\t\t\t\t\t<span class=\"elementor-accordion-icon elementor-accordion-icon-left\" aria-hidden=\"true\">\n\t\t\t\t\t\t\t\t\t\t\t\t\t\t\t<span class=\"elementor-accordion-icon-closed\"><i class=\"fas fa-plus\"><\/i><\/span>\n\t\t\t\t\t\t\t\t<span class=\"elementor-accordion-icon-opened\"><i class=\"fas fa-minus\"><\/i><\/span>\n\t\t\t\t\t\t\t\t\t\t\t\t\t\t<\/span>\n\t\t\t\t\t\t\t\t\t\t\t\t<a class=\"elementor-accordion-title\" tabindex=\"0\">Ann\u00e9e 2024<\/a>\n\t\t\t\t\t<\/div>\n\t\t\t\t\t<div id=\"elementor-tab-content-2351\" class=\"elementor-tab-content elementor-clearfix\" data-tab=\"1\" role=\"region\" aria-labelledby=\"elementor-tab-title-2351\"><p class=\"western\"><span style=\"font-family: Verdana, serif;\"><u><b>Agglo\u00a0: <\/b><\/u><\/span><\/p><p class=\"western\"><span style=\"font-family: Verdana, serif;\"><a href=\"\/wp-content\/Souvenirs\/Presse\/2024\/Agglo%20-%20Janvier.pdf\" target=\"_blank\" rel=\"noopener\"><span style=\"color: #0000ff;\">Janvier<\/span><\/a>\u00a0: La municipalit\u00e9 facilite les d\u00e9marches en ligne<\/span><\/p><p class=\"western\"><span style=\"font-family: Verdana, serif;\"><a href=\"\/wp-content\/Souvenirs\/Presse\/2024\/Agglo%20-%20F%C3%A9vrier.pdf\" target=\"_blank\" rel=\"noopener\"><span style=\"color: #0000ff;\">F\u00e9vrier<\/span><\/a>\u00a0: Un boulanger extraordinaire \u00e9tait de passage au village<\/span><\/p><p class=\"western\"><span style=\"font-family: Verdana, serif;\"><a href=\"\/wp-content\/Souvenirs\/Presse\/2024\/Agglo%20-%20Mars.pdf\" target=\"_blank\" rel=\"noopener\"><span style=\"color: #0000ff;\">Mars<\/span><\/a>\u00a0: Les Obligations L\u00e9gales de D\u00e9broussaillement rappel\u00e9es aux habitants<\/span><\/p><p class=\"western\"><span style=\"font-family: Verdana, serif;\"><a href=\"\/wp-content\/Souvenirs\/Presse\/2024\/Agglo%20-%20avril.pdf\" target=\"_blank\" rel=\"noopener\"><span style=\"color: #0000ff;\">Avril<\/span><\/a>\u00a0: Loto, vous avez dit loto\u00a0?<\/span><\/p><p class=\"western\"><span style=\"font-family: Verdana, serif;\"><a href=\"\/wp-content\/Souvenirs\/Presse\/2024\/Agglo%20-%20Mai.pdf\" target=\"_blank\" rel=\"noopener\"><span style=\"color: #0000ff;\">Mai<\/span><\/a> : En mars et en avril, pas de je\u00fbne<\/span><\/p><p class=\"western\"><span style=\"font-family: Verdana, serif;\"><a href=\"\/wp-content\/Souvenirs\/Presse\/2024\/Agglo%20-%20Juin.pdf\" target=\"_blank\" rel=\"noopener\"><span style=\"color: #0000ff;\">Juin<\/span><\/a>\u00a0: Tour d\u2019horizon des travaux en cours<\/span><\/p><p class=\"western\"><span style=\"font-family: Verdana, serif;\"><a href=\"\/wp-content\/Souvenirs\/Presse\/2024\/Agglo%20-%20Et%C3%A9.pdf\" target=\"_blank\" rel=\"noopener\"><span style=\"color: #0000ff;\">Juillet et Ao\u00fbt\u00a0<\/span><\/a>: Le march\u00e9 d\u2019Anim\u2019Euzet trouve ses marques<\/span><\/p><p class=\"western\"><span style=\"font-family: Verdana, serif;\"><a href=\"\/wp-content\/Souvenirs\/Presse\/2024\/Agglo%20-%20Septembre.pdf\" target=\"_blank\" rel=\"noopener\"><span style=\"color: #0000ff;\">Septembre<\/span><\/a>\u00a0: <\/span><span style=\"font-family: Verdana, serif;\">Les espaces paysagers s\u2019am\u00e9liorent<\/span><\/p><p class=\"western\"><span style=\"font-family: Verdana, serif;\"><a href=\"\/wp-content\/Souvenirs\/Presse\/2024\/Agglo%20-%20Octobre.pdf\" target=\"_blank\" rel=\"noopener\"><span style=\"color: #0000ff;\">Octobre<\/span><\/a>\u00a0: <\/span><span style=\"font-family: Verdana, serif;\">Les activit\u00e9s pour tous les \u00e2ges ont repris<\/span><\/p><p class=\"western\"><span style=\"font-family: Verdana, serif;\"><a href=\"\/wp-content\/Souvenirs\/Presse\/2024\/Agglo%20-%20Novembre.pdf\" target=\"_blank\" rel=\"noopener\"><span style=\"color: #0000ff;\">Novembre<\/span><\/a>\u00a0: <\/span><span style=\"font-family: Verdana, serif;\">Un nouveau terrain de loisirs pour les enfants<\/span><\/p><p class=\"western\"><span style=\"font-family: Verdana, serif;\"><a href=\"\/wp-content\/Souvenirs\/Presse\/2024\/Agglo%20-%20D%C3%A9cembre.pdf\" target=\"_blank\" rel=\"noopener\"><span style=\"color: #0000ff;\">D\u00e9cembre<\/span><\/a>\u00a0: <\/span><span style=\"font-family: Verdana, serif;\">Les temps forts de l\u2019automne<\/span><\/p><p class=\"western\"><span style=\"font-family: Verdana, serif;\"><a href=\"\/wp-content\/Souvenirs\/Presse\/2024\/C%C3%A9vennes%20magazines%20-%2010.2024.pdf\" target=\"_blank\" rel=\"noopener\"><span style=\"color: #0000ff;\"><b>C\u00e9vennes magazine<\/b>\u00a0<\/span><\/a>: March\u00e9 \u00ab\u00a0Producteurs et Artisans\u00a0\u00bb \u00e0 Euzet<\/span><\/p><p class=\"western\"><span style=\"font-family: Verdana, serif;\"><u><b>Midi Libre :<\/b><\/u><\/span><\/p><p class=\"western\"><span style=\"font-family: Verdana, serif;\">Mars\u00a0: <\/span><\/p><p class=\"western\"><span style=\"font-family: Verdana, serif;\"><a href=\"\/wp-content\/Souvenirs\/Presse\/2024\/ML%20-%2030.03.2024.pdf\" target=\"_blank\" rel=\"noopener\"><span style=\"color: #0000ff;\">30.03.2024<\/span> <\/a>: Le carnaval des \u00e9coliers<\/span><\/p><p class=\"western\"><span style=\"font-family: Verdana, serif;\">Avril\u00a0: <\/span><\/p><p class=\"western\"><span style=\"font-family: Verdana, serif;\"><a href=\"\/wp-content\/Souvenirs\/Presse\/2024\/ML%20-%2009.04.2024.pdf\" target=\"_blank\" rel=\"noopener\"><span style=\"color: #0000ff;\">09.04.2024<\/span><\/a> : Pique-nique d\u2019Anim\u2019Ezuet<\/span><\/p><p class=\"western\"><span style=\"font-family: Verdana, serif;\"><a href=\"\/wp-content\/Souvenirs\/Presse\/2024\/ML%20-%2015.04.2024.pdf\" target=\"_blank\" rel=\"noopener\"><span style=\"color: #0000ff;\">15.04.2024<\/span><\/a> : Accident<\/span><\/p><p class=\"western\"><span style=\"font-family: Verdana, serif;\"><a href=\"\/wp-content\/Souvenirs\/Presse\/2024\/ML%20-%2025.04.2024.pdf\" target=\"_blank\" rel=\"noopener\"><span style=\"color: #0000ff;\">25.04.2024<\/span><\/a> : Eva Luise danse au Crat\u00e8re<\/span><\/p><p class=\"western\"><span style=\"font-family: Verdana, serif;\">Mai\u00a0: <\/span><\/p><p class=\"western\"><span style=\"font-family: Verdana, serif;\"><a href=\"\/wp-content\/Souvenirs\/Presse\/2024\/ML%20-%2003.05.2024.pdf\" target=\"_blank\" rel=\"noopener\"><span style=\"color: #0000ff;\">03.05.2024<\/span><\/a> : Polygone : le four banal a \u00e9t\u00e9 retrouv\u00e9 en parfait \u00e9tat<\/span><\/p><p class=\"western\"><span style=\"font-family: Verdana, serif;\"><a href=\"\/wp-content\/Souvenirs\/Presse\/2024\/ML%20-%2005.05.2024.pdf\" target=\"_blank\" rel=\"noopener\"><span style=\"color: #0000ff;\">05.05.2024<\/span><\/a> : C\u00e9r\u00e9monie du 08 mai<\/span><\/p><p class=\"western\"><span style=\"font-family: Verdana, serif;\"><a href=\"\/wp-content\/Souvenirs\/Presse\/2024\/ML%20-%2017.05.2024.pdf\" target=\"_blank\" rel=\"noopener\"><span style=\"color: #0000ff;\">17.05.2024<\/span><\/a> : March\u00e9 artisanal<\/span><\/p><p class=\"western\"><span style=\"font-family: Verdana, serif;\"><a href=\"\/wp-content\/Souvenirs\/Presse\/2024\/ML%20-%2025.05.2024.pdf\" target=\"_blank\" rel=\"noopener\"><span style=\"color: #0000ff;\">25.05.2024<\/span><\/a> : R\u00e9flexion autour de la participation citoyenne et de la vid\u00e9oprotection<\/span><\/p><p class=\"western\"><span style=\"font-family: Verdana, serif;\">Juillet\u00a0: <\/span><\/p><p class=\"western\"><span style=\"font-family: Verdana, serif;\"><a href=\"\/wp-content\/Souvenirs\/Presse\/2024\/ML%20-%2017.07.2024.pdf\" target=\"_blank\" rel=\"noopener\"><span style=\"color: #0000ff;\">18.07.2024<\/span><\/a>\u00a0: 14 juillet<\/span><\/p><p class=\"western\"><span style=\"font-family: Verdana, serif;\"><a href=\"\/wp-content\/Souvenirs\/Presse\/2024\/ML%20-%2023.07.2024.pdf\" target=\"_blank\" rel=\"noopener\"><span style=\"color: #0000ff;\">23.07.2024<\/span><\/a> : Guinguette des Capitelles<\/span><\/p><p class=\"western\"><span style=\"font-family: Verdana, serif;\">Ao\u00fbt\u00a0: <\/span><\/p><p class=\"western\"><span style=\"font-family: Verdana, serif;\"><a href=\"\/wp-content\/Souvenirs\/Presse\/2024\/ML%20-%2026.08.2024.pdf\" target=\"_blank\" rel=\"noopener\"><span style=\"color: #0000ff;\">26.08.2024<\/span><\/a> : une c\u00e9r\u00e9monie en souvenir de la lib\u00e9ration du Gard<\/span><\/p><p class=\"western\"><span style=\"font-family: Verdana, serif;\">Septembre\u00a0: <\/span><\/p><p class=\"western\"><span style=\"font-family: Verdana, serif;\"><a href=\"\/wp-content\/Souvenirs\/Presse\/2024\/ML%20-%2004.09.2024.pdf\" target=\"_blank\" rel=\"noopener\"><span style=\"color: #0000ff;\">04.09.2024<\/span> <\/a>: Rentr\u00e9e scolaire<\/span><\/p><p class=\"western\"><span style=\"font-family: Verdana, serif;\"><a href=\"\/wp-content\/Souvenirs\/Presse\/2024\/ML%20-%2005.09.2024.pdf\" target=\"_blank\" rel=\"noopener\"><span style=\"color: #0000ff;\">05.09.2024<\/span><\/a> : La f\u00eate votive du villag<\/span><span style=\"font-family: Verdana, serif;\">e<\/span><span style=\"font-family: Verdana, serif;\"> a connu un beau succ\u00e8s<\/span><\/p><p class=\"western\"><span style=\"font-family: Verdana, serif;\">Octobre\u00a0: <\/span><\/p><p class=\"western\"><span style=\"font-family: Verdana, serif;\"><a href=\"\/wp-content\/Souvenirs\/Presse\/2024\/ML%20-%2018.10.2024.pdf\" target=\"_blank\" rel=\"noopener\"><span style=\"color: #0000ff;\">18.10.2024<\/span><\/a>\u00a0: D\u00e9c\u00e8s<\/span><\/p><p class=\"western\"><span style=\"font-family: Verdana, serif;\"><a href=\"\/wp-content\/Souvenirs\/Presse\/2024\/ML%20-%2019.10.2024.pdf\" target=\"_blank\" rel=\"noopener\"><span style=\"color: #0000ff;\">19.10.2024<\/span><\/a> : La municipalit\u00e9 opte pour le dispositif participation citoyenne<\/span><\/p><p class=\"western\"><span style=\"font-family: Verdana, serif;\"><a href=\"\/wp-content\/Souvenirs\/Presse\/2024\/ML%20-%2025.10.2024.pdf\" target=\"_blank\" rel=\"noopener\"><span style=\"color: #0000ff;\">25.10.2021<\/span><\/a>\u00a0: March\u00e9 producteurs tr\u00e8s r\u00e9ussi<\/span><\/p><p class=\"western\"><span style=\"font-family: Verdana, serif;\">Novembre\u00a0: <\/span><\/p><p class=\"western\"><span style=\"font-family: Verdana, serif;\"><a href=\"\/wp-content\/Souvenirs\/Presse\/2024\/ML%20-%2005.11.2024.pdf\" target=\"_blank\" rel=\"noopener\"><span style=\"color: #0000ff;\">05.11.2024<\/span><\/a> : Halloween avec Anim\u2019Euzet<\/span><\/p><p class=\"western\"><span style=\"font-family: Verdana, serif;\"><a href=\"\/wp-content\/Souvenirs\/Presse\/2024\/ML%20-%2015.11.2024.pdf\" target=\"_blank\" rel=\"noopener\"><span style=\"color: #0000ff;\">15.11.2024<\/span><\/a> : Comm\u00e9moration<\/span><\/p><p class=\"western\">\u00a0<\/p><\/div>\n\t\t\t\t<\/div>\n\t\t\t\t\t\t\t<div class=\"elementor-accordion-item\">\n\t\t\t\t\t<div id=\"elementor-tab-title-2352\" class=\"elementor-tab-title\" data-tab=\"2\" role=\"button\" aria-controls=\"elementor-tab-content-2352\" aria-expanded=\"false\">\n\t\t\t\t\t\t\t\t\t\t\t\t\t<span class=\"elementor-accordion-icon elementor-accordion-icon-left\" aria-hidden=\"true\">\n\t\t\t\t\t\t\t\t\t\t\t\t\t\t\t<span class=\"elementor-accordion-icon-closed\"><i class=\"fas fa-plus\"><\/i><\/span>\n\t\t\t\t\t\t\t\t<span class=\"elementor-accordion-icon-opened\"><i class=\"fas fa-minus\"><\/i><\/span>\n\t\t\t\t\t\t\t\t\t\t\t\t\t\t<\/span>\n\t\t\t\t\t\t\t\t\t\t\t\t<a class=\"elementor-accordion-title\" tabindex=\"0\">Ann\u00e9e 2023<\/a>\n\t\t\t\t\t<\/div>\n\t\t\t\t\t<div id=\"elementor-tab-content-2352\" class=\"elementor-tab-content elementor-clearfix\" data-tab=\"2\" role=\"region\" aria-labelledby=\"elementor-tab-title-2352\"><p class=\"Normal\"><strong><u><span class=\"tm5\">Agglo :<\/span><\/u><\/strong><\/p><p class=\"Normal\"><a href=\"\/wp-content\/Souvenirs\/Presse\/2023\/Agglo%20-%2002.2023.pdf\" target=\"_blank\" rel=\"noopener\">F\u00e9vrier\u00a0<\/a>: Personnes vuln\u00e9rables, signaler-vous<\/p><p class=\"Normal\"><span class=\"tm6\"><a href=\"\/wp-content\/Souvenirs\/Presse\/2023\/Agglo%20-%2003.2023.pdf\" target=\"_blank\" rel=\"noopener\">Mars<\/a>\u00a0: Un kilom\u00e8tre de piste d\u00e9broussaill\u00e9<\/span><\/p><p class=\"Normal\"><span class=\"tm6\"><a href=\"\/wp-content\/Souvenirs\/Presse\/2023\/Agglo%20-%2004.2023.pdf\" target=\"_blank\" rel=\"noopener\">Avril<\/a> : Le Club de l\u2019Amiti\u00e9 retrouve des comptes \u00e0 l\u2019\u00e9quilibre<\/span><span class=\"tm6\">\u00a0<\/span><\/p><p class=\"Normal\"><span class=\"tm6\"><a href=\"\/wp-content\/Souvenirs\/Presse\/2023\/Agglo%20-%2005.2023.pdf\" target=\"_blank\" rel=\"noopener\">Mai<\/a> : Le d\u00e9put\u00e9 Pierre MEURIN \u00e0 l\u2019\u00e9coute des Euz\u00e9tiens<\/span><span class=\"tm6\">\u00a0<\/span><\/p><p class=\"Normal\"><span class=\"tm6\"><a href=\"\/wp-content\/Souvenirs\/Presse\/2023\/Agglo%20-%2006.2023.pdf\" target=\"_blank\" rel=\"noopener\">Juin<\/a>\u00a0: Des nichoirs dans les vignes<\/span><span class=\"tm6\">\u00a0<\/span><\/p><p class=\"Normal\"><span class=\"tm6\"><a href=\"\/wp-content\/Souvenirs\/Presse\/2023\/Agglo%20-%2007%20et%2008.2023.pdf\" target=\"_blank\" rel=\"noopener\">Juillet et Ao\u00fbt<\/a> : Une ann\u00e9e scolaire bien remplie<\/span><span class=\"tm6\">\u00a0<\/span><\/p><p class=\"Normal\"><span class=\"tm6\"><a href=\"\/wp-content\/Souvenirs\/Presse\/2023\/Agglo%20-%2009.2023.pdf\" target=\"_blank\" rel=\"noopener\">Septembre<\/a>\u00a0: Les associations reprennent du service<\/span><span class=\"tm6\">\u00a0<\/span><\/p><p class=\"Normal\"><span class=\"tm6\"><a href=\"\/wp-content\/Souvenirs\/Presse\/2023\/Agglo%20-%2010.2023.pdf\" target=\"_blank\" rel=\"noopener\">Octobre<\/a> : La RD7 est enfin en travaux<\/span><span class=\"tm6\">\u00a0<\/span><\/p><p class=\"Normal\"><span class=\"tm6\"><a href=\"\/wp-content\/Souvenirs\/Presse\/2023\/Agglo%20-%2011.2023.pdf\" target=\"_blank\" rel=\"noopener\">Novembre\u00a0<\/a>: Le club de l\u2019amiti\u00e9 se r\u00e9gale<\/span><span class=\"tm6\">\u00a0<\/span><\/p><p class=\"Normal\"><span class=\"tm6\"><a href=\"\/wp-content\/Souvenirs\/Presse\/2023\/Agglo%20-%2012.2023.pdf\" target=\"_blank\" rel=\"noopener\">D\u00e9cembre<\/a> : Un village anim\u00e9, m\u00eame en automne<\/span><span class=\"tm6\">\u00a0<\/span><\/p><p class=\"Normal\"><strong><u><span class=\"tm5\">Objectif Gard :\u00a0<\/span><\/u><\/strong><\/p><p class=\"Normal\"><span class=\"tm6\"><a href=\"\/wp-content\/Souvenirs\/Presse\/2023\/15%20janvier%20-%20Objectif%20Gard.pdf\" target=\"_blank\" rel=\"noopener\">15 janvier<\/a> : Les eaux prodigieuses d\u2019Euzet les Bains soigneront elles bient\u00f4t les \u00e9quins ?<\/span><span class=\"tm6\">\u00a0<\/span><\/p><p class=\"Normal\"><strong><u><span class=\"tm5\">Midi Libre\u00a0: <\/span><\/u><\/strong><\/p><p class=\"Normal\"><span class=\"tm6\"><a href=\"\/wp-content\/Souvenirs\/Presse\/2023\/Janvier%20-%2005.pdf\" target=\"_blank\" rel=\"noopener\">05 janvier<\/a> : Apr\u00e8s midi festif \u00e0 l\u2019Ehpad Jean-Lasserre<\/span><span class=\"tm6\">\u00a0<\/span><\/p><p class=\"Normal\"><span class=\"tm6\"><a href=\"\/wp-content\/Souvenirs\/Presse\/2023\/Janvier%20-%2013.pdf\" target=\"_blank\" rel=\"noopener\">13 janvier<\/a> : D\u00e9c\u00e8s<\/span><span class=\"tm6\">\u00a0<\/span><\/p><p class=\"Normal\"><span class=\"tm6\"><a href=\"\/wp-content\/Souvenirs\/Presse\/2023\/Janvier%20-%2017.pdf\" target=\"_blank\" rel=\"noopener\">17 janvier\u00a0<\/a>: Conseil municipal<\/span><span class=\"tm6\">\u00a0<\/span><\/p><p class=\"Normal\"><span class=\"tm6\"><a href=\"\/wp-content\/Souvenirs\/Presse\/2023\/Janvier%20-%2020.pdf\" target=\"_blank\" rel=\"noopener\">20 janvier\u00a0<\/a>: Une maison ravag\u00e9e par les flammes<\/span><span class=\"tm6\">\u00a0<\/span><\/p><p class=\"Normal\"><span class=\"tm6\"><a href=\"\/wp-content\/Souvenirs\/Presse\/2023\/F%C3%A9vrier%20-03.pdf\" target=\"_blank\" rel=\"noopener\">03 f\u00e9vrier<\/a>\u00a0: Biblioth\u00e8que<\/span><span class=\"tm6\">\u00a0<\/span><\/p><p class=\"Normal\"><span class=\"tm6\"><a href=\"\/wp-content\/Souvenirs\/Presse\/2023\/F%C3%A9vrier%20-11.pdf\" target=\"_blank\" rel=\"noopener\">23 f\u00e9vrier<\/a> : <\/span><span class=\"tm5\">La soci\u00e9t\u00e9 de chasse participe \u00e0 l\u2019entretien des pistes &#8211; Projet de la municipalit\u00e9<\/span><span class=\"tm6\">\u00a0<\/span><\/p><p class=\"Normal\"><span class=\"tm6\"><a href=\"\/wp-content\/Souvenirs\/Presse\/2023\/F%C3%A9vrier%20-%2028.pdf\" target=\"_blank\" rel=\"noopener\">28 f\u00e9vrier<\/a>\u00a0: Conseil municipal<\/span><span class=\"tm6\">\u00a0<\/span><\/p><p class=\"Normal\"><span class=\"tm6\"><a href=\"\/wp-content\/Souvenirs\/Presse\/2023\/Mars%20-%2006%20-1.pdf\" target=\"_blank\" rel=\"noopener\">06 Mars<\/a>\u00a0: C\u2019est pire qu\u2019un d\u00e9sert m\u00e9dical, c\u2019est un v\u00e9ritable \u00ab\u00a0no man\u2019s land\u00a0\u00bb<\/span><span class=\"tm6\">\u00a0<\/span><\/p><p class=\"Normal\"><span class=\"tm6\"><a href=\"\/wp-content\/Souvenirs\/Presse\/2023\/Mars%20-%2006%20-2.pdf\" target=\"_blank\" rel=\"noopener\">06 Mars\u00a0<\/a>: Travers\u00e9e du d\u00e9sert<\/span><span class=\"tm6\">\u00a0<\/span><\/p><p class=\"Normal\"><span class=\"tm6\"><a href=\"\/wp-content\/Souvenirs\/Presse\/2023\/Mars%20-10.pdf\" target=\"_blank\" rel=\"noopener\">10 Mars<\/a>\u00a0: R\u00e9union du d\u00e9put\u00e9<\/span><span class=\"tm6\">\u00a0<\/span><\/p><p class=\"Normal\"><span class=\"tm6\"><a href=\"\/wp-content\/Souvenirs\/Presse\/2023\/Mars%20-22.pdf\" target=\"_blank\" rel=\"noopener\">22 Mars<\/a>\u00a0: Les enfants rendent visite \u00e0 l\u2019EHPAD<\/span><span class=\"tm6\">\u00a0<\/span><\/p><p class=\"Normal\"><span class=\"tm6\"><a href=\"\/wp-content\/Souvenirs\/Presse\/2023\/Avril%20-%2015.pdf\" target=\"_blank\" rel=\"noopener\">15 avril<\/a> : Pique-nique, omelette g\u00e9ante et chasse aux \u0153ufs<\/span><span class=\"tm6\">\u00a0<\/span><\/p><p class=\"Normal\"><span class=\"tm6\"><a href=\"\/wp-content\/Souvenirs\/Presse\/2023\/Avril%20-%2021.pdf\" target=\"_blank\" rel=\"noopener\">21 avril\u00a0<\/a>: La pr\u00e9f\u00e8te du Gard en visite<\/span><span class=\"tm6\">\u00a0<\/span><\/p><p class=\"Normal\"><span class=\"tm6\"><a href=\"\/wp-content\/Souvenirs\/Presse\/2023\/Avril%20-%2027.pdf\" target=\"_blank\" rel=\"noopener\">27 avril\u00a0<\/a>: Les \u00e9coliers ont rendu visite aux r\u00e9sidents de l\u2019Ehpad<\/span><span class=\"tm6\">\u00a0<\/span><\/p><p class=\"Normal\"><span class=\"tm6\"><a href=\"\/wp-content\/Souvenirs\/Presse\/2023\/Mai%20-%2003.pdf\" target=\"_blank\" rel=\"noopener\">03 Mai<\/a>\u00a0: P\u00e9tanque et comm\u00e9moration<\/span><span class=\"tm6\">\u00a0<\/span><\/p><p class=\"Normal\"><span class=\"tm6\"><a href=\"\/wp-content\/Souvenirs\/Presse\/2023\/Mai%20-%2011.pdf\" target=\"_blank\" rel=\"noopener\">11 Mai\u00a0<\/a>: C\u00e9r\u00e9monie du 08 Mai<\/span><span class=\"tm6\">\u00a0<\/span><\/p><p class=\"Normal\"><span class=\"tm6\"><a href=\"\/wp-content\/Souvenirs\/Presse\/2023\/ML%20-%2025%20Mai.pdf\" target=\"_blank\" rel=\"noopener\">25 Mai\u00a0:<\/a> March\u00e9 artisanal et vide grenier<\/span><span class=\"tm6\">\u00a0<\/span><\/p><p class=\"Normal\"><span class=\"tm6\"><a href=\"\/wp-content\/Souvenirs\/Presse\/2023\/Juin%20-%2003.pdf\" target=\"_blank\" rel=\"noopener\">03 Juin<\/a>\u00a0: Succ\u00e8s du vide-greniers et du march\u00e9 artisanal<\/span><span class=\"tm6\">\u00a0<\/span><\/p><p class=\"Normal\"><span class=\"tm6\"><a href=\"\/wp-content\/Souvenirs\/Presse\/2023\/Juin%20-%2018.pdf\" target=\"_blank\" rel=\"noopener\">18 juin\u00a0<\/a>: Repas des familles \u00e0 l\u2019EHPAD<\/span><span class=\"tm6\">\u00a0<\/span><\/p><p class=\"Normal\"><span class=\"tm6\"><a href=\"\/wp-content\/Souvenirs\/Presse\/2023\/Juillet%20-%2016.pdf\" target=\"_blank\" rel=\"noopener\">16 juillet<\/a>\u00a0: Euzet Tonic<\/span><span class=\"tm6\">\u00a0<\/span><\/p><p class=\"Normal\"><span class=\"tm6\"><a href=\"\/wp-content\/Souvenirs\/Presse\/2023\/Ao%C3%BBt%20-%2021.pdf\" target=\"_blank\" rel=\"noopener\">21 ao\u00fbt\u00a0<\/a>: Aubade et comm\u00e9moration<\/span><span class=\"tm6\">\u00a0<\/span><\/p><p class=\"Normal\"><span class=\"tm6\"><a href=\"\/wp-content\/Souvenirs\/Presse\/2023\/Ao%C3%BBt%20-%2031.pdf\" target=\"_blank\" rel=\"noopener\">31 ao\u00fbt\u00a0<\/a>: La f\u00eate votive \u00e0 connu un gros succ\u00e8s<\/span><span class=\"tm6\">\u00a0<\/span><\/p><p class=\"Normal\"><span class=\"tm6\"><a href=\"\/wp-content\/Souvenirs\/Presse\/2023\/Octobre%20-%2014.pdf\" target=\"_blank\" rel=\"noopener\">14 octobre\u00a0<\/a>: March\u00e9 producteurs<\/span><span class=\"tm6\">\u00a0<\/span><\/p><p class=\"Normal\"><span class=\"tm6\"><a href=\"\/wp-content\/Souvenirs\/Presse\/2023\/Octobre%20-%2018.pdf\" target=\"_blank\" rel=\"noopener\">18 octobre<\/a> : Hommage \u00e0 Samuel Paty et Dominique Bernard<\/span><span class=\"tm6\">\u00a0<\/span><\/p><p class=\"Normal\"><span class=\"tm6\"><a href=\"\/wp-content\/Souvenirs\/Presse\/2023\/Octobre%20-20%20.pdf\" target=\"_blank\" rel=\"noopener\">20 octobre<\/a>\u00a0: Succ\u00e8s du March\u00e9 producteurs<\/span><span class=\"tm6\">\u00a0<\/span><\/p><p class=\"Normal\"><span class=\"tm6\"><a href=\"\/wp-content\/Souvenirs\/Presse\/2023\/Novembre%20-%2008.pdf\" target=\"_blank\" rel=\"noopener\">08 novembre\u00a0<\/a>: La f\u00eate d\u2019Halloween<\/span><span class=\"tm6\">\u00a0<\/span><\/p><p class=\"Normal\"><span class=\"tm6\"><a href=\"\/wp-content\/Souvenirs\/Presse\/2023\/D%C3%A9cembre-%2009.pdf\" target=\"_blank\" rel=\"noopener\">09 d\u00e9cembre\u00a0<\/a>: Animation autour du pain<\/span><span class=\"tm6\">\u00a0<\/span><\/p><p class=\"Normal\"><span class=\"tm6\"><a href=\"\/wp-content\/Souvenirs\/Presse\/2023\/D%C3%A9cembre-%2016.pdf\" target=\"_blank\" rel=\"noopener\">16 d\u00e9cembre\u00a0<\/a>: Repas des a\u00een\u00e9s<\/span><\/p><p class=\"Normal\"><span class=\"tm6\"><a href=\"\/wp-content\/Souvenirs\/Presse\/2023\/D%C3%A9cembre-%2020.pdf\" target=\"_blank\" rel=\"noopener\">20 d\u00e9cembre\u00a0<\/a>: Boulanger voyageur, Marc Martin partage son amour du pain<\/span><\/p><p class=\"Normal\"><span class=\"tm6\"><a href=\"\/wp-content\/Souvenirs\/Presse\/2023\/D%C3%A9cembre-%2029.pdf\" target=\"_blank\" rel=\"noopener\">29 d\u00e9cembre<\/a>\u00a0: Repas de No\u00ebl \u00e0 l\u2019EHPAD Jean-Lassere<\/span><\/p><\/div>\n\t\t\t\t<\/div>\n\t\t\t\t\t\t\t<div class=\"elementor-accordion-item\">\n\t\t\t\t\t<div id=\"elementor-tab-title-2353\" class=\"elementor-tab-title\" data-tab=\"3\" role=\"button\" aria-controls=\"elementor-tab-content-2353\" aria-expanded=\"false\">\n\t\t\t\t\t\t\t\t\t\t\t\t\t<span class=\"elementor-accordion-icon elementor-accordion-icon-left\" aria-hidden=\"true\">\n\t\t\t\t\t\t\t\t\t\t\t\t\t\t\t<span class=\"elementor-accordion-icon-closed\"><i class=\"fas fa-plus\"><\/i><\/span>\n\t\t\t\t\t\t\t\t<span class=\"elementor-accordion-icon-opened\"><i class=\"fas fa-minus\"><\/i><\/span>\n\t\t\t\t\t\t\t\t\t\t\t\t\t\t<\/span>\n\t\t\t\t\t\t\t\t\t\t\t\t<a class=\"elementor-accordion-title\" tabindex=\"0\">Ann\u00e9e 2022<\/a>\n\t\t\t\t\t<\/div>\n\t\t\t\t\t<div id=\"elementor-tab-content-2353\" class=\"elementor-tab-content elementor-clearfix\" data-tab=\"3\" role=\"region\" aria-labelledby=\"elementor-tab-title-2353\"><p class=\"Normal\"><strong><u><span class=\"tm5\">Agglo :<\/span><\/u><\/strong><\/p><p class=\"Normal\"><a href=\"\/wp-content\/Souvenirs\/Presse\/2022\/Agglo%2001.2022.pdf\" target=\"_blank\" rel=\"noopener\">Janvier\u00a0<\/a>: Le club de l\u2019amiti\u00e9 a repris ses activit\u00e9s<\/p><p class=\"Normal\"><span class=\"tm6\"><a href=\"\/wp-content\/Souvenirs\/Presse\/2022\/Agglo%20Mars%202022.pdf\" target=\"_blank\" rel=\"noopener\">Mars\u00a0<\/a>: Les travaux en c\u0153ur de village sont finis<\/span><span class=\"tm6\">\u00a0<\/span><\/p><p class=\"Normal\"><span class=\"tm6\"><a href=\"\/wp-content\/Souvenirs\/Presse\/2022\/Agglo%20Avril%202022.pdf\" target=\"_blank\" rel=\"noopener\">Avril\u00a0<\/a>: Jacques MAGNARD a chant\u00e9 Jean FERRAT<\/span><\/p><p class=\"Normal\"><span class=\"tm6\">Mai :\u00a0 &#8211; <a href=\"\/wp-content\/Souvenirs\/Presse\/2022\/Agglo%20Mai%202022%20-%201.pdf\" target=\"_blank\" rel=\"noopener\">Gourmandises<\/a> et humour au repas des ain\u00e9s<\/span><span class=\"tm6\"> &#8211; <a href=\"\/wp-content\/Souvenirs\/Presse\/2022\/Agglo%20Mai%202022%20-%202.pdf\" target=\"_blank\" rel=\"noopener\">Trois jours<\/a> de d\u00e9couverte du monde g\u00e9ologique<\/span><\/p><p class=\"Normal\"><span class=\"tm6\"><a href=\"\/wp-content\/Souvenirs\/Presse\/2022\/Agglo%20juin%202022.pdf\" target=\"_blank\" rel=\"noopener\">Juin\u00a0<\/a>: Les animations sont de retour<\/span><\/p><p class=\"Normal\"><span class=\"tm6\"><a href=\"\/wp-content\/Souvenirs\/Presse\/2022\/Agglo%20Juillet%20-%20Ao%C3%BBt%202022.pdf\" target=\"_blank\" rel=\"noopener\">Juillet &#8211; Ao\u00fbt<\/a> : Journ\u00e9es nationales de la G\u00e9ologie<\/span><\/p><p class=\"Normal\"><span class=\"tm6\"><a href=\"\/wp-content\/Souvenirs\/Presse\/2022\/Agglo%2010.2022%20-%201.pdf\" target=\"_blank\" rel=\"noopener\">Octobre<\/a>\u00a0: La f\u00eate votive \u00e9tait de retour<\/span><\/p><p class=\"Normal\"><span class=\"tm6\"><a href=\"\/wp-content\/Souvenirs\/Presse\/2022\/Agglo%20D%C3%A9cembre%20-%202022.pdf\" target=\"_blank\" rel=\"noopener\">D\u00e9cembre\u00a0<\/a>: Beau succ\u00e8s pour la semaine du go\u00fbt<\/span><\/p><p class=\"Normal\"><strong><u><span class=\"tm5\">Midi Libre\u00a0: <\/span><\/u><\/strong><\/p><p class=\"Normal\"><span class=\"tm6\"><a href=\"\/wp-content\/Souvenirs\/Presse\/2022\/ML%2007.01.2022.pdf\" target=\"_blank\" rel=\"noopener\">07 janvier\u00a0<\/a>: Repas de f\u00eate \u00e0 l\u2019EHPAD Jean-Lasserre<\/span><span class=\"tm6\">\u00a0<\/span><\/p><p class=\"Normal\"><span class=\"tm6\"><a href=\"\/wp-content\/Souvenirs\/Presse\/2022\/ML%2029.01.2022.pdf\" target=\"_blank\" rel=\"noopener\">29 Janvier\u00a0<\/a>: Le club de l\u2019amiti\u00e9 a repris ses activit\u00e9s<\/span><\/p><p class=\"Normal\"><span class=\"tm6\"><a href=\"\/wp-content\/Souvenirs\/Presse\/2022\/ML%2004.02.2022.pdf\" target=\"_blank\" rel=\"noopener\">04 f\u00e9vrier<\/a> : Visite de Christophe RIVENQ<\/span><\/p><p class=\"Normal\"><span class=\"tm6\"><a href=\"\/wp-content\/Souvenirs\/Presse\/2022\/ML%2017.02.2022.pdf\" target=\"_blank\" rel=\"noopener\">17 f\u00e9vrier<\/a> : L\u2019Amazonie \u00e0 la biblioth\u00e8que<\/span><\/p><p class=\"Normal\"><span class=\"tm6\"><a href=\"\/wp-content\/Souvenirs\/Presse\/2022\/ML%2018.02.2022.pdf\" target=\"_blank\" rel=\"noopener\">18 f\u00e9vrier\u00a0<\/a>: Le r\u00e9cital Jean FERRAT a ravi<\/span><\/p><p class=\"Normal\"><span class=\"tm6\"><a href=\"\/wp-content\/Souvenirs\/Presse\/2022\/ML%2002.03.2022%20.pdf\" target=\"_blank\" rel=\"noopener\">02 mars<\/a>\u00a0: Rem\u00e8de de cheval<\/span><\/p><p class=\"Normal\"><span class=\"tm6\"><a href=\"\/wp-content\/Souvenirs\/Presse\/2022\/ML%2012.03.2022.pdf\" target=\"_blank\" rel=\"noopener\">12 mars<\/a>\u00a0: Ukraine<\/span><\/p><p class=\"Normal\"><span class=\"tm6\"><a href=\"\/wp-content\/Souvenirs\/Presse\/2022\/ML%20-%2017.04.2022.pdf\" target=\"_blank\" rel=\"noopener\">17 avril\u00a0<\/a>: Le printemps des fen\u00eatres, expo d\u00e9ambulatoire<\/span><\/p><p class=\"Normal\"><span class=\"tm6\"><a href=\"\/wp-content\/Souvenirs\/Presse\/2022\/ML%2027.04.2022.pdf\" target=\"_blank\" rel=\"noopener\">27 avril\u00a0<\/a>: Pique-nique au petit jardin<\/span><\/p><p class=\"Normal\"><span class=\"tm6\"><a href=\"\/wp-content\/Souvenirs\/Presse\/2022\/ML%20-%2030.04.2022.pdf\" target=\"_blank\" rel=\"noopener\">30 avril<\/a> :\u00a0<\/span><span class=\"tm5\">\u00a0Exposition<\/span><\/p><p class=\"Normal\"><span class=\"tm5\"><a href=\"\/wp-content\/Souvenirs\/Presse\/2022\/ML%20-%2003.05.2022.pdf\" target=\"_blank\" rel=\"noopener\">03 mai<\/a>\u00a0:<\/span><span class=\"tm5\"> Alice GUINET, la nouvelle centenaire de l\u2019Ehpad<\/span><\/p><p class=\"Normal\"><span class=\"tm6\"><a href=\"\/wp-content\/Souvenirs\/Presse\/2022\/ML%20-%2005.05.2022.pdf\" target=\"_blank\" rel=\"noopener\">05 mai\u00a0<\/a>: Repas du club de l\u2019amiti\u00e9<\/span><\/p><p class=\"Normal\"><span class=\"tm6\"><a href=\"\/wp-content\/Souvenirs\/Presse\/2022\/ML%2018.05.2022.pdf\" target=\"_blank\" rel=\"noopener\">18 mai<\/a>\u00a0: Forum des associations<\/span><\/p><p class=\"Normal\"><span class=\"tm6\"><a href=\"\/wp-content\/Souvenirs\/Presse\/2022\/ML%2020.05.2022.pdf\" target=\"_blank\" rel=\"noopener\">20 mai\u00a0<\/a>: Animations<\/span><\/p><p class=\"Normal\"><span class=\"tm6\"><a href=\"\/wp-content\/Souvenirs\/Presse\/2022\/ML%2002.06.2022.pdf\" target=\"_blank\" rel=\"noopener\">02 juin\u00a0<\/a>: F\u00eate des voisins<\/span><\/p><p class=\"Normal\"><span class=\"tm6\"><a href=\"\/wp-content\/Souvenirs\/Presse\/2022\/ML%2006%20juin.pdf\" target=\"_blank\" rel=\"noopener\">06 juin<\/a> : F\u00eate des R\u00e9boussiers<\/span><\/p><p class=\"Normal\"><span class=\"tm6\"><a href=\"\/wp-content\/Souvenirs\/Presse\/2022\/ML%2018.06.2022.pdf\" target=\"_blank\" rel=\"noopener\">18 juin\u00a0<\/a>: La soir\u00e9e des R\u00e9boussiers r\u00e9ussie<\/span><\/p><p class=\"Normal\"><span class=\"tm6\"><a href=\"\/wp-content\/Souvenirs\/Presse\/2022\/ML%20-%2024.06.2022.pdf\" target=\"_blank\" rel=\"noopener\">24 juin<\/a> : Ambiance festive \u00e0 l\u2019EHPAD Jean-Lasserre<\/span><\/p><p class=\"Normal\"><span class=\"tm6\"><a href=\"\/wp-content\/Souvenirs\/Presse\/2022\/ML%2002.07.2022.pdf\" target=\"_blank\" rel=\"noopener\">02 juillet<\/a>\u00a0: Les \u00e9curies d\u2019Artuzac en f\u00eate<\/span><\/p><p class=\"Normal\"><span class=\"tm6\"><a href=\"\/wp-content\/Souvenirs\/Presse\/2022\/ML%20-%2016.07.2022.pdf\" target=\"_blank\" rel=\"noopener\">16 juillet\u00a0<\/a>: F\u00eate nationale<\/span><\/p><p class=\"Normal\"><span class=\"tm6\"><a href=\"\/wp-content\/Souvenirs\/Presse\/2022\/ML%2027.07.2022.pdf\" target=\"_blank\" rel=\"noopener\">27 juillet<\/a> : V\u00e9ronique Richard, le nouveau visage de l\u2019EHPAD<\/span><\/p><p class=\"Normal\"><span class=\"tm6\"><a href=\"\/wp-content\/Souvenirs\/Presse\/2022\/ML%2023.08.2022.pdf\" target=\"_blank\" rel=\"noopener\">23 ao\u00fbt\u00a0<\/a>: Lib\u00e9ration du Gard<\/span><\/p><p class=\"Normal\"><span class=\"tm6\"><a href=\"\/wp-content\/Souvenirs\/Presse\/2022\/ML%20-%2025.08.2022.pdf\" target=\"_blank\" rel=\"noopener\">25 ao\u00fbt\u00a0<\/a>: Anim\u2019Euzet c\u00e9l\u00e9brera dignement ses 20 ans<\/span><\/p><p class=\"Normal\"><span class=\"tm6\"><a href=\"\/wp-content\/Souvenirs\/Presse\/2022\/ML%2028.08.2022.pdf\" target=\"_blank\" rel=\"noopener\">28 ao\u00fbt<\/a> : Magali TESAN propose des massages \u00e0 domicile<\/span><\/p><p class=\"Normal\"><span class=\"tm6\"><a href=\"\/wp-content\/Souvenirs\/Presse\/2022\/ML%2030.08.2022.pdf\" target=\"_blank\" rel=\"noopener\">30 ao\u00fbt\u00a0<\/a>: Deux jours de f\u00eate pour les vingt ans du comit\u00e9<\/span><\/p><p class=\"Normal\"><span class=\"tm6\"><a href=\"\/wp-content\/Souvenirs\/Presse\/2022\/ML%2003.09.2022.pdf\" target=\"_blank\" rel=\"noopener\">03 septembre<\/a>\u00a0: Euzet fait sa rentr\u00e9e<\/span><\/p><p class=\"Normal\"><span class=\"tm6\"><a href=\"\/wp-content\/Souvenirs\/Presse\/2022\/ML%2006.09.2022.pdf\" target=\"_blank\" rel=\"noopener\">06 septembre<\/a>\u00a0: Conf\u00e9rence danse sur le Flamenco<\/span><\/p><p class=\"Normal\"><span class=\"tm6\"><a href=\"\/wp-content\/Souvenirs\/Presse\/2022\/ML%2001.10.2022.pdf\" target=\"_blank\" rel=\"noopener\">01 octobre<\/a> : Le s\u00e9nateur Denis BOUAD rencontre les vignerons de la cave d\u2019Euzet<\/span><\/p><p class=\"Normal\"><span class=\"tm6\"><a href=\"\/wp-content\/Souvenirs\/Presse\/2022\/ML%2003.10.2022.pdf\" target=\"_blank\" rel=\"noopener\">03 octobre<\/a> : Le club de l\u2019amiti\u00e9<\/span><\/p><p class=\"Normal\"><span class=\"tm6\"><a href=\"\/wp-content\/Souvenirs\/Presse\/2022\/ML%2006.10.2022.pdf\" target=\"_blank\" rel=\"noopener\">06 octobre<\/a> : Le s\u00e9nateur Denis BOUAD et les \u00e9lus en visite \u00e0 la cave<\/span><\/p><p class=\"Normal\"><span class=\"tm6\"><a href=\"\/wp-content\/Souvenirs\/Presse\/2022\/ML%2013.10.2022.pdf\" target=\"_blank\" rel=\"noopener\">13 octobre<\/a> : La semaine du go\u00fbt<\/span><\/p><p class=\"Normal\"><span class=\"tm6\"><a href=\"\/wp-content\/Souvenirs\/Presse\/2022\/ML%2023.10.2022.pdf\" target=\"_blank\" rel=\"noopener\">23 octobre<\/a> : Des animations autour du go\u00fbt<\/span><\/p><p class=\"Normal\"><span class=\"tm6\"><a href=\"\/wp-content\/Souvenirs\/Presse\/2022\/ML%2005.11.2022.pdf\" target=\"_blank\" rel=\"noopener\">05 novembre<\/a> : Halloween<\/span><\/p><p class=\"Normal\"><span class=\"tm6\"><a href=\"\/wp-content\/Souvenirs\/Presse\/2022\/ML%2015.11.2022.pdf\" target=\"_blank\" rel=\"noopener\">15 novembre<\/a> : Conseil municipal<\/span><\/p><p class=\"Normal\"><span class=\"tm6\"><a href=\"\/wp-content\/Souvenirs\/Presse\/2022\/ML%20-%2015.12.2022.pdf\" target=\"_blank\" rel=\"noopener\">15 d\u00e9cembre<\/a> : March\u00e9 de No\u00ebl<\/span><\/p><p class=\"Normal\"><span class=\"tm6\"><a href=\"\/wp-content\/Souvenirs\/Presse\/2022\/ML%2017.12.pdf\" target=\"_blank\" rel=\"noopener\">17 d\u00e9cembre<\/a> : Les ain\u00e9s invit\u00e9s de la municipalit\u00e9<\/span><\/p><p class=\"Normal\"><span class=\"tm6\"><a href=\"\/wp-content\/Souvenirs\/Presse\/2022\/ML%2020.12.2022.pdf\" target=\"_blank\" rel=\"noopener\">20 d\u00e9cembre<\/a> :\u00a0<\/span><span class=\"tm5\">Repas de f\u00eate \u00e0 l\u2019EHPAD Jean LASSERE<\/span><\/p><p class=\"Normal\"><span class=\"tm6\"><a href=\"\/wp-content\/Souvenirs\/Presse\/2022\/ML%2028.12.2022.pdf\" target=\"_blank\" rel=\"noopener\">28 d\u00e9cembre<\/a> : March\u00e9 de No\u00ebl \u00e0 l\u2019EPHAD Jean LASSERE<\/span><\/p><p class=\"Normal\"><strong><u><span class=\"tm5\">Objectif Gard\u00a0:\u00a0<\/span><\/u><\/strong><\/p><p class=\"Normal\"><span class=\"tm5\"><a href=\"\/wp-content\/Souvenirs\/Presse\/2022\/Objectif%20Gard-%2015.%2002.2022.pdf\" target=\"_blank\" rel=\"noopener\">15 f\u00e9vrier<\/a>\u00a0: 70 ans apr\u00e8s, les thermalisme amorce sa renaissance \u00e0 Euzet les Bains<\/span><\/p><p class=\"Normal\"><span class=\"tm5\"><a href=\"\/wp-content\/Souvenirs\/Presse\/2022\/Objectif%20Gard1%2020.%2002.2022.pdf\" target=\"_blank\" rel=\"noopener\">20 f\u00e9vrier<\/a> : Restaurant, salon de th\u00e9, commerce et logements tout neufs : le projet \u00ab Polygone \u00bb prend forme<\/span><\/p><p class=\"Normal\"><span class=\"tm5\"><a href=\"\/wp-content\/Souvenirs\/Presse\/2022\/Objectif%20gard%20-%2002.03%20.pdf\" target=\"_blank\" rel=\"noopener\">02 mars<\/a>\u00a0: Euze<\/span><span class=\"tm5\">t les Bains toujours dans la course a u centre de baln\u00e9o \u00e9quin<\/span><\/p><p class=\"Normal\"><span class=\"tm5\"><a href=\"\/wp-content\/Souvenirs\/Presse\/2022\/Objectif%20Gard1%2030.%2009.2022.pdf\" target=\"_blank\" rel=\"noopener\">30 septembre\u00a0<\/a>: S\u00e9cheresse, gr\u00eale, commercialisation\u00a0: Denis BOUAD au chevet des vignerons<\/span><\/p><\/div>\n\t\t\t\t<\/div>\n\t\t\t\t\t\t\t<div class=\"elementor-accordion-item\">\n\t\t\t\t\t<div id=\"elementor-tab-title-2354\" class=\"elementor-tab-title\" data-tab=\"4\" role=\"button\" aria-controls=\"elementor-tab-content-2354\" aria-expanded=\"false\">\n\t\t\t\t\t\t\t\t\t\t\t\t\t<span class=\"elementor-accordion-icon elementor-accordion-icon-left\" aria-hidden=\"true\">\n\t\t\t\t\t\t\t\t\t\t\t\t\t\t\t<span class=\"elementor-accordion-icon-closed\"><i class=\"fas fa-plus\"><\/i><\/span>\n\t\t\t\t\t\t\t\t<span class=\"elementor-accordion-icon-opened\"><i class=\"fas fa-minus\"><\/i><\/span>\n\t\t\t\t\t\t\t\t\t\t\t\t\t\t<\/span>\n\t\t\t\t\t\t\t\t\t\t\t\t<a class=\"elementor-accordion-title\" tabindex=\"0\">Ann\u00e9e 2021<\/a>\n\t\t\t\t\t<\/div>\n\t\t\t\t\t<div id=\"elementor-tab-content-2354\" class=\"elementor-tab-content elementor-clearfix\" data-tab=\"4\" role=\"region\" aria-labelledby=\"elementor-tab-title-2354\"><p class=\"Normal\"><strong><u><span class=\"tm5\">Agglo :<\/span><\/u><\/strong><\/p><p class=\"Normal\"><a href=\"\/wp-content\/Souvenirs\/Presse\/2021\/Agglo\/Agglo%20-Janvier1.pdf\" target=\"_blank\" rel=\"noopener\">Janvier- 1<\/a> : L\u2019embellissement du village continue<\/p><p class=\"Normal\"><span class=\"tm6\"><a href=\"\/wp-content\/Souvenirs\/Presse\/2021\/Agglo\/Agglo%20Janvier%202.pdf\" target=\"_blank\" rel=\"noopener\">Janvier- 2<\/a>\u00a0: Distributeur de pain<\/span><span class=\"tm6\">\u00a0<\/span><\/p><p class=\"Normal\"><span class=\"tm6\"><a href=\"\/wp-content\/Souvenirs\/Presse\/2021\/Agglo\/Agglo%20-%20F%C3%A9vrier.pdf\" target=\"_blank\" rel=\"noopener\">F\u00e9vrier\u00a0<\/a>: 127 s\u00e9niors g\u00e2t\u00e9s, les jeunes aussi<\/span><span class=\"tm6\">\u00a0<\/span><\/p><p class=\"Normal\"><span class=\"tm6\"><a href=\"\/wp-content\/Souvenirs\/Presse\/2021\/Agglo\/Agglo%20-%20Mars.pdf\" target=\"_blank\" rel=\"noopener\">Mars<\/a>\u00a0: L\u2019EHPAD Jean-Lasserre \u00e0 ouvert ses portes \u00e0 Euret les Bains<\/span><\/p><p class=\"Normal\"><span class=\"tm6\"><a href=\"\/wp-content\/Souvenirs\/Presse\/2021\/Agglo\/Agglo%20-%20Avril.pdf\" target=\"_blank\" rel=\"noopener\">Avril<\/a>\u00a0: Les s\u00e9niors vaccin\u00e9s \u00e0 Euret les Bains<\/span><\/p><p class=\"Normal\"><span class=\"tm6\"><a href=\"\/wp-content\/Souvenirs\/Presse\/2021\/Agglo\/Agglo%20-%20Mai.pdf\" target=\"_blank\" rel=\"noopener\">Mai<\/a>\u00a0: Les \u00e9coliers d\u2019Euzet les Bains face \u00e0 la presse<\/span><\/p><p class=\"Normal\"><span class=\"tm6\"><a href=\"\/wp-content\/Souvenirs\/Presse\/2021\/Agglo\/Agglo%20-%20Et%C3%A9.pdf\" target=\"_blank\" rel=\"noopener\">Et\u00e9<\/a>\u00a0: Le RUN des Elfes s\u2019est adapt\u00e9 \u00e0 la crise<\/span><\/p><p class=\"Normal\"><span class=\"tm6\"><a href=\"\/wp-content\/Souvenirs\/Presse\/2021\/Agglo\/Agglo%20-%20Septembre.pdf\" target=\"_blank\" rel=\"noopener\">Septembre -1<\/a> : Championnat d\u2019Europe \u00e9quitation jeunes 2021<\/span><\/p><p class=\"Normal\"><span class=\"tm6\"><a href=\"\/wp-content\/Souvenirs\/Presse\/2021\/Agglo\/Agglo%20-%20Septembre%202.pdf\" target=\"_blank\" rel=\"noopener\">Septembre -2<\/a> :Des vacances bien remplies<\/span><\/p><p class=\"Normal\"><span class=\"tm6\"><a href=\"\/wp-content\/Souvenirs\/Presse\/2021\/Agglo\/Agglo%20-%20Octobre.pdf\" target=\"_blank\" rel=\"noopener\">Octobre<\/a>\u00a0: Semaine du go\u00fbt<\/span><\/p><p class=\"Normal\"><span class=\"tm6\"><a href=\"\/wp-content\/Souvenirs\/Presse\/2021\/Agglo\/Agglo-%20D%C3%A9cembre%201%20.pdf\" target=\"_blank\" rel=\"noopener\">D\u00e9cembre<\/a>\u00a0: Une nouvelle directrice est arriv\u00e9e au caveau des Vignerons des Capitelles<\/span><\/p><p class=\"Normal\"><strong><u><span class=\"tm5\">Midi Libre\u00a0:<\/span><\/u><\/strong><\/p><p class=\"Normal\"><span class=\"tm5\"><a href=\"\/wp-content\/Souvenirs\/Presse\/2021\/ML\/ML%2001.01.2021.pdf\" target=\"_blank\" rel=\"noopener\">01 janvier<\/a>\u00a0: Poussons frais, coquillages et crustac\u00e9s<\/span><\/p><p class=\"Normal\"><span class=\"tm5\"><a href=\"\/wp-content\/Souvenirs\/Presse\/2021\/ML\/ML%2001.02.2021.pdf\" target=\"_blank\" rel=\"noopener\">01 f\u00e9vrier<\/a> : L\u2019ouverture de la r\u00e9sidence Jean-Lasserre est imminente<\/span><\/p><p class=\"Normal\"><span class=\"tm5\"><a href=\"\/wp-content\/Souvenirs\/Presse\/2021\/ML\/ML%2002.02.2021.pdf\" target=\"_blank\" rel=\"noopener\">02 f\u00e9vrier<\/a> : El\u00e9phante Dumba, v\u00e9t\u00e9rinaires sur place et rapport rassurant<\/span><\/p><p class=\"Normal\"><span class=\"tm5\"><a href=\"\/wp-content\/Souvenirs\/Presse\/2021\/ML\/ML%2010.03.2021.pdf\" target=\"_blank\" rel=\"noopener\">10 mars<\/a>\u00a0: Le tout nouveau Ehpad Jean-Lasserre a \u00e9t\u00e9 pr\u00e9sent\u00e9<\/span><\/p><p class=\"Normal\"><span class=\"tm5\"><a href=\"\/wp-content\/Souvenirs\/Presse\/2021\/ML\/ML%2001.04.2021.pdf\" target=\"_blank\" rel=\"noopener\">01 avril<\/a>\u00a0: Les jeunes \u00e9coliers face \u00e0 l\u2019actu<\/span><\/p><p class=\"Normal\"><span class=\"tm5\"><a href=\"\/wp-content\/Souvenirs\/Presse\/2021\/ML\/ML%2014.04.2021.pdf\" target=\"_blank\" rel=\"noopener\">14 avril<\/a> : 127 personnes \u00e2g\u00e9es ont \u00e9t\u00e9 vaccin\u00e9es dans le village<\/span><\/p><p class=\"Normal\"><span class=\"tm5\"><a href=\"\/wp-content\/Souvenirs\/Presse\/2021\/ML\/ML%2005.05.2021.pdf\" target=\"_blank\" rel=\"noopener\">05 mai<\/a>\u00a0: Les projets au menu du conseil<\/span><\/p><p class=\"Normal\"><span class=\"tm5\"><a href=\"\/wp-content\/Souvenirs\/Presse\/2021\/ML\/ML%2002.07.2021.pdf\" target=\"_blank\" rel=\"noopener\">02 juillet<\/a>\u00a0: Les futurs coll\u00e9giens \u00e0 l\u2019honneur<\/span><\/p><p class=\"Normal\"><span class=\"tm5\"><a href=\"\/wp-content\/Souvenirs\/Presse\/2021\/ML\/ML%2003.08.2021.pdf\" target=\"_blank\" rel=\"noopener\">03 ao\u00fbt<\/a>\u00a0: Randonn\u00e9e g\u00e9ologique \u00e0 travers la garrigue<\/span><\/p><p class=\"Normal\"><span class=\"tm5\"><a href=\"\/wp-content\/Souvenirs\/Presse\/2021\/ML\/ML%2023.08.2021.pdf\" target=\"_blank\" rel=\"noopener\">23 ao\u00fbt<\/a> : Comm\u00e9moration de la lib\u00e9ration du Gard<\/span><\/p><p class=\"Normal\"><span class=\"tm5\"><a href=\"\/wp-content\/Souvenirs\/Presse\/2021\/ML\/ML%2021.10.2021.pdf\" target=\"_blank\" rel=\"noopener\">21 octobre<\/a>\u00a0: Aude TISSERAND, la nouvelle directrice de la cave coop\u00e9rative des Vignerons des Capitelles<\/span><\/p><p class=\"Normal\"><span class=\"tm5\"><a href=\"\/wp-content\/Souvenirs\/Presse\/2021\/ML\/ML%2022.10.2021.pdf\" target=\"_blank\" rel=\"noopener\">22 Octobre<\/a>\u00a0: La semaine du go\u00fbt s\u2019est termin\u00e9e dans la convivialit\u00e9<\/span><\/p><p class=\"Normal\"><span class=\"tm5\"><a href=\"\/wp-content\/Souvenirs\/Presse\/2021\/ML\/ML%2025.10.2021.pdf\" target=\"_blank\" rel=\"noopener\">25 octobre<\/a>\u00a0: Laurent BURGOA a rentr\u00e9 les \u00e9lus<\/span><\/p><p class=\"Normal\"><span class=\"tm5\"><a href=\"\/wp-content\/Souvenirs\/Presse\/2021\/ML\/ML%2027.12.2021.pdf\" target=\"_blank\" rel=\"noopener\">27 d\u00e9cembre<\/a>\u00a0: March\u00e9 de no\u00ebl et spectacle de th\u00e9\u00e2tre chez les a\u00een\u00e9s<\/span><\/p><p class=\"Normal\"><strong><u><span class=\"tm5\">Objectif Gard\u00a0: <\/span><\/u><\/strong><\/p><p class=\"Normal\"><span class=\"tm6\"><a href=\"\/wp-content\/Souvenirs\/Presse\/2021\/Objectif%20Gard%2027.02.2021.pdf\" target=\"_blank\" rel=\"noopener\">27 f\u00e9vrier<\/a>\u00a0: Euret les Bains 12 ans apr\u00e8s, l\u2019Ehpad Jean-Lasserre enfin livr\u00e9<\/span><\/p><p class=\"Normal\"><span class=\"tm6\"><a href=\"\/wp-content\/Souvenirs\/Presse\/2021\/Objectif%20Gard%2005.03.2012%20-%20EHPAAD.pdf\" target=\"_blank\" rel=\"noopener\">05 mars<\/a> : Euret les Bains l\u2019Ehpad Jean-Lasserre a accueilli ses premiers pensionnaires<\/span><\/p><\/div>\n\t\t\t\t<\/div>\n\t\t\t\t\t\t\t<div class=\"elementor-accordion-item\">\n\t\t\t\t\t<div id=\"elementor-tab-title-2355\" class=\"elementor-tab-title\" data-tab=\"5\" role=\"button\" aria-controls=\"elementor-tab-content-2355\" aria-expanded=\"false\">\n\t\t\t\t\t\t\t\t\t\t\t\t\t<span class=\"elementor-accordion-icon elementor-accordion-icon-left\" aria-hidden=\"true\">\n\t\t\t\t\t\t\t\t\t\t\t\t\t\t\t<span class=\"elementor-accordion-icon-closed\"><i class=\"fas fa-plus\"><\/i><\/span>\n\t\t\t\t\t\t\t\t<span class=\"elementor-accordion-icon-opened\"><i class=\"fas fa-minus\"><\/i><\/span>\n\t\t\t\t\t\t\t\t\t\t\t\t\t\t<\/span>\n\t\t\t\t\t\t\t\t\t\t\t\t<a class=\"elementor-accordion-title\" tabindex=\"0\">Ann\u00e9e 2020<\/a>\n\t\t\t\t\t<\/div>\n\t\t\t\t\t<div id=\"elementor-tab-content-2355\" class=\"elementor-tab-content elementor-clearfix\" data-tab=\"5\" role=\"region\" aria-labelledby=\"elementor-tab-title-2355\"><p class=\"Normal tm5\"><span style=\"color: #000000;\"><span class=\"tm6\">Midi-Libre<\/span><span class=\"tm6\"> 29 d\u00e9cembre : <a href=\"\/wp-content\/Souvenirs\/Presse\/2020\/ML%20-%2029.12.2020.jpg\" target=\"_blank\" rel=\"noopener\">Des corbeilles gourmandes<\/a><\/span><\/span><\/p><p class=\"Normal tm5\"><span style=\"color: #000000;\"><span class=\"tm6\">Midi-Libre<\/span><span class=\"tm6\"> 28 d\u00e9cembre : <a href=\"\/wp-content\/Souvenirs\/Presse\/2020\/ML%20-28%2012.2020%20.jpg\" target=\"_blank\" rel=\"noopener\">Les vignerons des Capitelles se montrent solidaires<\/a><\/span><\/span><\/p><p class=\"Normal tm5\"><span style=\"color: #000000;\"><span class=\"tm6\">Agglo<\/span><span class=\"tm6\"> d\u00e9cembre\u00a0: <a href=\"\/wp-content\/Souvenirs\/Presse\/2020\/Agglo%20d%C3%A9cembre%20-%20Embellissement.JPG\" target=\"_blank\" rel=\"noopener\">L\u2019embellissement du village continue<\/a><\/span><\/span><\/p><p class=\"Normal tm5\"><span style=\"color: #000000;\"><span class=\"tm6\">Agglo<\/span><span class=\"tm6\"> d\u00e9cembre\u00a0: <a href=\"\/wp-content\/Souvenirs\/Presse\/2020\/Agglo%20d%C3%A9cembre%20-%20distributeur.JPG\" target=\"_blank\" rel=\"noopener\">Distributeur de pain<\/a><\/span><\/span><\/p><p class=\"Normal tm5\"><span style=\"color: #000000;\"><span class=\"tm6\">Midi-Libre<\/span><span class=\"tm6\"> 29 novembre\u00a0: <a href=\"\/wp-content\/Souvenirs\/Presse\/2020\/ML%20-29-11-2020.jpg\" target=\"_blank\" rel=\"noopener\">La biblioth\u00e8que en ligne<\/a><\/span><\/span><\/p><p class=\"Normal tm5\"><span style=\"color: #000000;\"><span class=\"tm6\">Midi-Libre<\/span><span class=\"tm6\"> 21 novembre : <a href=\"\/wp-content\/Souvenirs\/Presse\/2020\/ML%2021-11-20%20%20chrysantheme.jpg\" target=\"_blank\" rel=\"noopener\">Une pluie de couleur dans les rues d\u2019Euzet<\/a><\/span><\/span><\/p><p class=\"Normal\"><span class=\"tm5\" style=\"color: #000000;\">Journal de l\u2019Agglo Octobre\u00a0: <a href=\"\/wp-content\/Souvenirs\/Presse\/2020\/Agglo%20Octobre%202020.JPG\" target=\"_blank\" rel=\"noopener\">Championne de France<\/a><\/span><\/p><p class=\"Normal tm5\"><span style=\"color: #000000;\"><span class=\"tm6\">Midi-Libre<\/span><span class=\"tm6\"> 16 septembre\u00a0: <a href=\"\/wp-content\/Souvenirs\/Presse\/2020\/Tournage%20film%20%2009.2020.JPG\" target=\"_blank\" rel=\"noopener\">Salom\u00e9 Da Souza a pos\u00e9 ses cam\u00e9ras dans le village<\/a><\/span><\/span><\/p><p class=\"Normal tm5\"><span class=\"tm6\" style=\"color: #000000;\">Midi-Libre<\/span><span class=\"tm6\"><span style=\"color: #000000;\"> 22 ao\u00fbt :<\/span> <a href=\"\/wp-content\/Souvenirs\/Presse\/2020\/Comm%C3%A9moration.22.08.2020.jpg\" target=\"_blank\" rel=\"noopener\">Comm\u00e9moration de la lib\u00e9ration du Gard<\/a><\/span><\/p><p class=\"Normal tm5\"><span class=\"tm6\" style=\"color: #000000;\">Midi-Libre<\/span><span class=\"tm6\"><span style=\"color: #000000;\"> 03 juillet\u00a0: <a href=\"\/wp-content\/Souvenirs\/Presse\/2020\/Euzet%20tonic-07-2020%20.jpg\" target=\"_blank\" rel=\"noopener\">Euzet<\/a><\/span><a href=\"\/wp-content\/Souvenirs\/Presse\/2020\/Euzet%20tonic-07-2020%20.jpg\" target=\"_blank\" rel=\"noopener\"> Tonic reprendra ses cours en septembre<\/a><\/span><\/p><p><span class=\"tm9\" style=\"color: #000000;\">Midi-Libre\u00a0<\/span><span class=\"tm5\"><span style=\"color: #000000;\">30 juin \u00a0:<\/span> <a href=\"\/wp-content\/Souvenirs\/Presse\/2020\/bibliotheque-%2006-2020.jpg\" target=\"_blank\" rel=\"noopener\">R\u00e9ouverture de la biblioth\u00e8que<\/a><\/span><\/p><p><span class=\"tm9\"><span style=\"color: #000000;\">Midi-Libre du 30 mai\u00a0 : <\/span><\/span><u><a href=\"\/wp-content\/uploads\/2020\/06\/ML-2020-05-30.png\">Les dossiers \u00e9voqu\u00e9s lors du conseil municipal<\/a><\/u><\/p><p><span class=\"tm9\"><span style=\"color: #000000;\">Midi-Libre du 28 mai : <\/span><\/span><u><a href=\"\/wp-content\/uploads\/2020\/05\/ML-2020-05-28.png\">Cyril Ozil est r\u00e9\u00e9lu<\/a><\/u><\/p><p><span class=\"tm9\"><span style=\"color: #000000;\">Midi-Libre du 16 mai : <\/span><\/span><u><a href=\"\/wp-content\/uploads\/2020\/05\/ML-2020-05-16.png\">L&rsquo;\u00e9cole rouvre le 18 mai<\/a><\/u><\/p><p><span class=\"tm9\"><span style=\"color: #000000;\">Midi-Libre du 9 mai : <\/span><\/span><u><a href=\"\/wp-content\/Souvenirs\/Presse\/2020\/ML%2009-05-2020.pdf\" target=\"_blank\" rel=\"noopener\">Audrey et Cl\u00e9a ont confectionn\u00e9 plus de 300 masques<\/a><\/u><\/p><p><span class=\"tm9\"><span style=\"color: #000000;\">Midi-Libre du 9 avril : <\/span><\/span><u><a href=\"\/wp-content\/uploads\/2020\/04\/ML-2020-04-09.png\">La municipalit\u00e9 et l&rsquo;agence postales solidaires<\/a><\/u><\/p><p><span class=\"tm9\"><span style=\"color: #000000;\">Midi-Libre du 15 mars : <\/span><\/span><u><a href=\"\/wp-content\/uploads\/2020\/03\/ML-2020-03-15.png\">Katia Berry a rencontr\u00e9 les lecteurs<\/a><\/u><\/p><p><span class=\"tm9\"><span style=\"color: #000000;\">Midi-Libre du 14 mars : <\/span><\/span><u><a href=\"\/wp-content\/uploads\/2020\/03\/ML-2020-03-14.png\">Vente de brioches et carnaval pour l&rsquo;APE Le Troubadour<\/a><\/u><\/p><p><span class=\"tm9\"><span style=\"color: #000000;\">Midi-Libre du 12 mars : <\/span><\/span><u><a href=\"\/wp-content\/uploads\/2020\/03\/Scan-ML-2020-03-12.png\">Le maire Cyril Ozil brigue un troisi\u00e8me mandat<\/a><\/u><\/p><p><span class=\"tm9\"><span style=\"color: #000000;\">Midi-Libre du 11 mars : <\/span><\/span><u><a href=\"\/wp-content\/uploads\/2020\/03\/Scan-ML-2020-03-11.png\">Anim&rsquo;Euzet va s&rsquo;occuper du local des jeunes<\/a><\/u><\/p><p><span class=\"tm9\"><span style=\"color: #000000;\">Midi-Libre du 21 f\u00e9vrier : <\/span><\/span><u><a href=\"\/wp-content\/uploads\/2020\/02\/ML-2020-02-21.png\">L&rsquo;EHPAD Jean Lasserre doit ouvrir prochainement<\/a><\/u><\/p><p><span class=\"tm9\"><span style=\"color: #000000;\">Midi-Libre du 19 f\u00e9vrier : <\/span><\/span><u><a href=\"\/wp-content\/uploads\/2020\/02\/ML-2020-02-19.png\">Le maire Cyril Ozil candidat pour un troisi\u00e8me mandat<\/a><\/u><\/p><p><span class=\"tm9\"><span style=\"color: #000000;\">Midi-Libre du 17 f\u00e9vrier : <\/span><\/span><u><a href=\"\/wp-content\/uploads\/2020\/02\/ML-2020-02-17.png\">Du nouveau au Club de l&rsquo;amiti\u00e9<\/a><\/u><\/p><p><span class=\"tm9\"><span style=\"color: #000000;\">Midi-Libre du 6 f\u00e9vrier : <\/span><\/span><u><a href=\"\/wp-content\/uploads\/2020\/02\/ML-2020-02-06.png\">Soir\u00e9e th\u00e9\u00e2trale au foyer<\/a><\/u><\/p><p><span class=\"tm9\"><span style=\"color: #000000;\">Midi-Libre du 30 janvier 2020 : <\/span><\/span><u><a href=\"\/wp-content\/uploads\/2020\/02\/ML-2020-01-30.png\">Il se fait naturaliser fran\u00e7ais juste avant le Brexit&#8230;<\/a><\/u><u><a href=\"\/wp-content\/uploads\/2020\/02\/ML-2020-01-30.png\">et reste europ\u00e9en !<\/a><\/u><\/p><p><span class=\"tm9\"><span style=\"color: #000000;\">Midi-Libre du 13 janvier : <\/span><\/span><u><a href=\"\/wp-content\/uploads\/2020\/01\/ML-2020-01-18.png\">Les \u00e9lus ont pr\u00e9sent\u00e9 les v\u0153ux\u00a0\u00e0 leurs administr\u00e9s<\/a><\/u><\/p><p><span class=\"tm9\"><span style=\"color: #000000;\">Midi-Libre du 13 janvier : <\/span><\/span><u><a href=\"\/wp-content\/uploads\/2020\/01\/ML-2020-01-13.png\">Le club de l&rsquo;Amiti\u00e9 a f\u00eat\u00e9 les rois<\/a><\/u><\/p><p><span class=\"tm9\"><span style=\"color: #000000;\">Midi-Libre du 10 janvier : <\/span><\/span><u><a href=\"\/wp-content\/uploads\/2020\/01\/ML-2020-01-10-1.png\">Euzet tonic a couronn\u00e9 ses rois et ses reines<\/a><\/u><\/p><\/div>\n\t\t\t\t<\/div>\n\t\t\t\t\t\t\t<div class=\"elementor-accordion-item\">\n\t\t\t\t\t<div id=\"elementor-tab-title-2356\" class=\"elementor-tab-title\" data-tab=\"6\" role=\"button\" aria-controls=\"elementor-tab-content-2356\" aria-expanded=\"false\">\n\t\t\t\t\t\t\t\t\t\t\t\t\t<span class=\"elementor-accordion-icon elementor-accordion-icon-left\" aria-hidden=\"true\">\n\t\t\t\t\t\t\t\t\t\t\t\t\t\t\t<span class=\"elementor-accordion-icon-closed\"><i class=\"fas fa-plus\"><\/i><\/span>\n\t\t\t\t\t\t\t\t<span class=\"elementor-accordion-icon-opened\"><i class=\"fas fa-minus\"><\/i><\/span>\n\t\t\t\t\t\t\t\t\t\t\t\t\t\t<\/span>\n\t\t\t\t\t\t\t\t\t\t\t\t<a class=\"elementor-accordion-title\" tabindex=\"0\">Ann\u00e9e 2019<\/a>\n\t\t\t\t\t<\/div>\n\t\t\t\t\t<div id=\"elementor-tab-content-2356\" class=\"elementor-tab-content elementor-clearfix\" data-tab=\"6\" role=\"region\" aria-labelledby=\"elementor-tab-title-2356\"><p><span class=\"tm9\"><span style=\"color: #000000;\">Midi-Libre du 30 d\u00e9cembre 2019 : <\/span><\/span><u><a href=\"\/wp-content\/uploads\/2019\/12\/ML-2019-12-30.png\">Repas de No\u00ebl pour les a\u00een\u00e9s du village<\/a><\/u><\/p><p><span class=\"tm9\"><span style=\"color: #000000;\">Midi-Libre du 22 d\u00e9cembre 2019 : <\/span><\/span><u><a href=\"\/wp-content\/uploads\/2019\/12\/ML-2019-12-20.jpg\">Carton plein pour le loto du club de l&rsquo;Amiti\u00e9<\/a><\/u><\/p><p><span class=\"tm9\"><span style=\"color: #000000;\">Midi-Libre du 15 d\u00e9cembre 2019 : <\/span><\/span><u><a href=\"\/wp-content\/uploads\/2019\/12\/ML-2019-09-26.png\">Rencontre avec les lecteurs \u00e0 la biblioth\u00e8que<\/a><\/u><\/p><p><span class=\"tm9\"><span style=\"color: #000000;\">Al\u00e8s Agglo &#8211; n\u00b073 &#8211; d\u00e9cembre 2019 : <\/span><\/span><u><a href=\"\/wp-content\/uploads\/2019\/12\/JAA-73-Agence-Postale.jpg\">De nouveaux services \u00e0 l&rsquo;agence postale<\/a><\/u><\/p><p><span class=\"tm9\"><span style=\"color: #000000;\">Al\u00e8s Agglo &#8211; n\u00b073 &#8211; d\u00e9cembre 2019 : <\/span><\/span><u><a href=\"\/wp-content\/uploads\/2019\/12\/JAA-73-Bibliotheque.jpg\">La biblioth\u00e8que est ouverte \u00e0 tous<\/a><\/u><\/p><p><span class=\"tm9\"><span style=\"color: #000000;\">Midi-Libre du 15 novembre 2019 : <\/span><\/span><u><a href=\"\/wp-content\/uploads\/2019\/11\/ML-2019-11-15.png\">Comm\u00e9moration du 11 novembre<\/a><\/u><\/p><p><span class=\"tm9\"><span style=\"color: #000000;\">Midi-Libre du 11 novembre 2019 : <\/span><\/span><u><a href=\"\/wp-content\/uploads\/2019\/11\/ML-2019-11-11.png\">Journ\u00e9e r\u00e9cr\u00e9ative pour le club de l&rsquo;Amiti\u00e9<\/a><\/u><\/p><p><span class=\"tm9\"><span style=\"color: #000000;\">Midi-Libre du 26 septembre 2019 : <\/span><\/span><u><a href=\"\/wp-content\/uploads\/2019\/09\/ML-2019-09-26.png\">Succ\u00e8s du 1<sup>er<\/sup> run des \u00ab\u00a0ELfes &amp; Nous\u00a0\u00bb<\/a><\/u><\/p><p><span class=\"tm9\"><span style=\"color: #000000;\">Midi-Libre du 13 septembre 2019 : <\/span><\/span><u><a href=\"\/wp-content\/uploads\/2019\/09\/ML-2019-09-13.png\">Le Run des \u00ab\u00a0Elfes &amp; Nous\u00a0\u00bb<\/a><\/u><\/p><p><span class=\"tm9\"><span style=\"color: #000000;\">Midi-Libre du 8 septembre 2019 : <\/span><\/span><u><a href=\"\/wp-content\/uploads\/2019\/09\/ML-2019-09-08.jpg\">Succ\u00e8s pour la f\u00eate votive et ses animations taurines<\/a><\/u><\/p><p><span class=\"tm9\"><span style=\"color: #000000;\">Al\u00e8s Agglo &#8211; n\u00b070 &#8211; septembre 2019 : <\/span><\/span><u><a href=\"\/wp-content\/uploads\/2019\/09\/AA-2019-70-1.jpg\">Des cours de gymnastique et de Qi-Gong seront propos\u00e9s \u00e0 partir de la 3<sup>\u00e8me<\/sup> semaine de septembre par l&rsquo;association Euzet-Tonic<\/a><\/u><\/p><p><span class=\"tm9\"><span style=\"color: #000000;\">Midi-Libre du 3 septembre 2019 : <\/span><\/span><u><a href=\"\/wp-content\/uploads\/2019\/09\/ML-2019-09-03.jpg\">Sp\u00e9cial rentr\u00e9e scolaire<\/a><\/u><\/p><p><span class=\"tm9\"><span style=\"color: #000000;\">Midi-Libre du 30 ao\u00fbt 2019 : <\/span><\/span><u><a href=\"\/wp-content\/uploads\/2019\/09\/ML-2019-08-30.jpg\">L&rsquo;aubade annonce la f\u00eate votive<\/a><\/u><\/p><p><span class=\"tm9\"><span style=\"color: #000000;\">Midi-Libre du 26 ao\u00fbt 2019 : <\/span><\/span><u><a href=\"\/wp-content\/uploads\/2019\/08\/ML-2019-08-26.jpg\">La Lib\u00e9ration d&rsquo;Al\u00e8s et ses environs c\u00e9l\u00e9br\u00e9e devant le monument rappelant la tragique embuscade<\/a><\/u><\/p><p><span class=\"tm9\"><span style=\"color: #000000;\">Midi-Libre du 24 ao\u00fbt 2019 : <\/span><\/span><u><a href=\"\/wp-content\/uploads\/2019\/08\/ML-2019-08-24.jpg\">a construction de l&rsquo;Ehpad Jean-Lasserre est bien avanc\u00e9e, avant son ouverture en 2020<\/a><\/u><\/p><p><span class=\"tm9\"><span style=\"color: #000000;\">Midi-Libre du 20 ao\u00fbt 2019 : <\/span><\/span><u><a href=\"\/wp-content\/uploads\/2019\/08\/ML-2019-08-20.jpg\">Mireille Pluchard \u00e0 la rencontre des lecteurs<\/a><\/u><\/p><p><span class=\"tm9\"><span style=\"color: #000000;\">Midi-Libre du 5 juillet 2019 : <\/span><\/span><u><a href=\"\/wp-content\/uploads\/2019\/07\/ML-2019-07-05-1.png\">Une f\u00eate des \u00e9coles plac\u00e9e en alerte rouge<\/a><\/u><\/p><p><span class=\"tm9\"><span style=\"color: #000000;\">Midi-Libre du 5 juillet 2019 : <\/span><\/span><u><a href=\"\/wp-content\/uploads\/2019\/07\/ML-2019-07-05-2.png\">Les CM2 ont particip\u00e9 au Parlement des Enfants<\/a><\/u><\/p><p><span class=\"tm9\"><span style=\"color: #000000;\">Al\u00e8s Agglo &#8211; n\u00b066 &#8211; avril 2019 : <\/span><\/span><u><a href=\"\/wp-content\/uploads\/2019\/07\/AA-2019-69.png\">Festivit\u00e9s<\/a><\/u><\/p><p><span class=\"tm9\"><span style=\"color: #000000;\">Midi-Libre du 28 juin 2019 : <\/span><\/span><u><a href=\"\/wp-content\/uploads\/2019\/06\/ML-2019-06-28-1.png\">Une belle journ\u00e9e de f\u00eate taurine<\/a><\/u><\/p><p><span class=\"tm9\"><span style=\"color: #000000;\">Midi-Libre du 12 juin 2019 : <\/span><\/span><u><a href=\"\/wp-content\/uploads\/2019\/06\/ML-2019-06-12.png\">Journ\u00e9e d&rsquo;animations r\u00e9ussie pour l&rsquo;APE<\/a><\/u><\/p><p><span class=\"tm9\"><span style=\"color: #000000;\">Midi-Libre du 30 mai 2019<\/span><\/span><strong><u> : <\/u><\/strong><u><a href=\"\/wp-content\/uploads\/2019\/05\/ML-2019-05-30.png\">Le foyer fait peau neuve<\/a><\/u><\/p><p><span class=\"tm9\"><span style=\"color: #000000;\">Midi-Libre du 12 mai 2019 : <\/span><\/span><u><a href=\"\/wp-content\/uploads\/2019\/05\/ML-2019-05-12.png\">Comm\u00e9moration du 8 mai 1945<\/a><\/u><\/p><p><span class=\"tm9\"><span style=\"color: #000000;\">Midi-Libre du 06 mai 2019 : <\/span><\/span><u><a href=\"\/wp-content\/uploads\/2019\/05\/ML-2019-05-06.png\">Un atelier num\u00e9rique pour tous<\/a><\/u><\/p><p><span class=\"tm9\"><span style=\"color: #000000;\">Midi-Libre du 08 avril 2019 : <\/span><\/span><u><a href=\"\/wp-content\/uploads\/2019\/04\/ML-2019-04-08.png\">Les \u00e9l\u00e8ves en classe de neige<\/a><\/u><\/p><p><span class=\"tm9\"><span style=\"color: #000000;\">Al\u00e8s Agglo &#8211; n\u00b066 &#8211; avril 2019 : <\/span><\/span><u><a href=\"\/wp-content\/uploads\/2019\/04\/AA-2019-66.png\">Le futur EHPAD d&rsquo;Euzet sera livr\u00e9 d\u00e9but 2020<\/a><\/u><\/p><p><span class=\"tm9\"><span style=\"color: #000000;\">Midi-Libre du 03 avril 2019 : <\/span><\/span><u><a href=\"\/wp-content\/uploads\/2019\/04\/ML-2019-04-03.jpg\">Le conseil municipal a pr\u00e9vu de nombreux travaux<\/a><\/u><\/p><p><span class=\"tm9\"><span style=\"color: #000000;\">Al\u00e8s Agglo &#8211; n\u00b064 &#8211; f\u00e9vrier 2019 : <\/span><\/span><u><a href=\"\/wp-content\/uploads\/2019\/02\/AA-2019-64.jpg\">Des projets innovants et audacieux<\/a><\/u><\/p><p><span class=\"tm9\"><span style=\"color: #000000;\">Midi-Libre du 03 f\u00e9vrier 2019 : <\/span><\/span><u><a href=\"\/wp-content\/uploads\/2019\/02\/ML-2019-02-03.jpg\">\u00a0Nouveau bureau au Club de l&rsquo;Amiti\u00e9<\/a><\/u><\/p><p><span class=\"tm9\"><span style=\"color: #000000;\">Midi-Libre du 27 janvier 2019 : <\/span><\/span><u><a href=\"\/wp-content\/uploads\/2019\/01\/ML-2019-01-27.jpg\">Entre amis de la biblioth\u00e8que<\/a><\/u><\/p><p><span class=\"tm9\"><span style=\"color: #000000;\">Midi-Libre du 12 janvier 2019 : <\/span><\/span><u><a href=\"\/wp-content\/uploads\/2019\/01\/ML-2019-01-12.jpg\">Des voeux tourn\u00e9s vers un gros projet<\/a><\/u><\/p><p><span class=\"tm9\"><span style=\"color: #000000;\">Midi-Libre du 7 janvier 2019 : <\/span><\/span><u><a href=\"\/wp-content\/uploads\/2019\/01\/ML-2019-01-07.jpg\">Curistes et chevaux : le thermalisme \u00e0 tous crins<\/a><\/u><\/p><\/div>\n\t\t\t\t<\/div>\n\t\t\t\t\t\t\t<div class=\"elementor-accordion-item\">\n\t\t\t\t\t<div id=\"elementor-tab-title-2357\" class=\"elementor-tab-title\" data-tab=\"7\" role=\"button\" aria-controls=\"elementor-tab-content-2357\" aria-expanded=\"false\">\n\t\t\t\t\t\t\t\t\t\t\t\t\t<span class=\"elementor-accordion-icon elementor-accordion-icon-left\" aria-hidden=\"true\">\n\t\t\t\t\t\t\t\t\t\t\t\t\t\t\t<span class=\"elementor-accordion-icon-closed\"><i class=\"fas fa-plus\"><\/i><\/span>\n\t\t\t\t\t\t\t\t<span class=\"elementor-accordion-icon-opened\"><i class=\"fas fa-minus\"><\/i><\/span>\n\t\t\t\t\t\t\t\t\t\t\t\t\t\t<\/span>\n\t\t\t\t\t\t\t\t\t\t\t\t<a class=\"elementor-accordion-title\" tabindex=\"0\">Ann\u00e9e 2018<\/a>\n\t\t\t\t\t<\/div>\n\t\t\t\t\t<div id=\"elementor-tab-content-2357\" class=\"elementor-tab-content elementor-clearfix\" data-tab=\"7\" role=\"region\" aria-labelledby=\"elementor-tab-title-2357\"><p><span class=\"tm9\"><span style=\"color: #000000;\">Midi-Libre du 22 d\u00e9cembre 2018 : <\/span><\/span><u><a href=\"\/wp-content\/uploads\/2018\/12\/ML-2018-12-22.jpg\">Les a\u00een\u00e9s ont f\u00eat\u00e9 No\u00ebl<\/a><\/u><\/p><p><span class=\"tm9\"><span style=\"color: #000000;\">Al\u00e8s Agglo &#8211; n\u00b062 &#8211; d\u00e9cembre 2018 : <\/span><\/span><u><a href=\"\/wp-content\/uploads\/2018\/12\/AA-2018-62.png\">La nouvelle jeunesse des vieux tableaux<\/a><\/u><\/p><p><span class=\"tm9\"><span style=\"color: #000000;\">Midi-Libre du 12 novembre 2018 : <\/span><\/span><u><a href=\"\/wp-content\/uploads\/2018\/11\/ML-2018-11-12.jpg\">Le 11 novembre \u00e0 Euzet<\/a><\/u><\/p><p><span class=\"tm9\"><span style=\"color: #000000;\">Al\u00e8s Agglo &#8211; n\u00b061 &#8211; novembre 2018 : <\/span><\/span><u><a href=\"\/wp-content\/uploads\/2018\/11\/AA-2018-61.png\">la Poste, un service de proximit\u00e9 appr\u00e9ci\u00e9 de tous<\/a><\/u><\/p><p><span class=\"tm9\"><span style=\"color: #000000;\">Midi-Libre du 2 novembre 2018 : <\/span><\/span><u><a href=\"\/wp-content\/uploads\/2018\/11\/ML-2018-11-02.jpg\">Halloween \u00e0 Euzet<\/a><\/u><\/p><p><span class=\"tm9\"><span style=\"color: #000000;\">Le Gard &#8211; n\u00b04 &#8211; automne 2018 : <\/span><\/span><u><a href=\"\/wp-content\/uploads\/2018\/10\/LG-2018-10-29.png\">Une maison de retraite tr\u00e8s attendue<\/a><\/u><\/p><p><span class=\"tm9\"><span style=\"color: #000000;\">Al\u00e8s Agglo &#8211; n\u00b060 &#8211; octobre 2018 : <\/span><\/span><u><a href=\"\/wp-content\/uploads\/2018\/10\/AA-2018-60-2.jpg\">Le sous-pr\u00e9fet en visite<\/a><\/u><\/p><p><span class=\"tm9\"><span style=\"color: #000000;\">Al\u00e8s Agglo &#8211; n\u00b060 &#8211; octobre 2018 : <\/span><\/span><u><a href=\"\/wp-content\/uploads\/2018\/10\/AA-2018-60-1.jpg\">Les vignerons des Capitelles cultivent l&rsquo;excellence<\/a><\/u><\/p><p><span class=\"tm9\"><span style=\"color: #000000;\">Midi-Libre du 29 septembre 2018 : <\/span><\/span><u><a href=\"\/wp-content\/uploads\/2018\/09\/ML-2018-09-29.jpg\">D\u00e9c\u00e8s<\/a><\/u><\/p><p><span class=\"tm9\"><span style=\"color: #000000;\">Midi-Libre du 10 septembre 2018 : <\/span><\/span><u><a href=\"\/wp-content\/uploads\/2018\/09\/ML-2018-09-10.jpg\">\u00a0Deux jours de f\u00eate au village<\/a><\/u><\/p><p><span class=\"tm9\"><span style=\"color: #000000;\">Midi-Libre du 7 septembre 2018 : <\/span><\/span><u><a href=\"\/wp-content\/uploads\/2018\/09\/ML-20418-09-07.jpg\">Rentr\u00e9e scolaire<\/a><\/u><\/p><p><span class=\"tm9\"><span style=\"color: #000000;\">Midi-Libre du 29 ao\u00fbt 2018 : <\/span><\/span><u><a href=\"\/wp-content\/uploads\/2018\/08\/ML-2018-08-29.jpg\">Hommage aux anciens combattants<\/a><\/u><\/p><p><span class=\"tm9\"><span style=\"color: #000000;\">Midi-Libre du 19 juillet 2018 : <\/span><\/span><u><a href=\"\/wp-content\/uploads\/2018\/07\/ML-2018-07-19.jpg\">\u00a0Le 14 juillet \u00e0 Euzet-les-bains<\/a><\/u><\/p><p><span class=\"tm9\"><span style=\"color: #000000;\">Midi-Libre du 11 juillet 2018 : <\/span><\/span><u><a href=\"\/wp-content\/uploads\/2018\/07\/ML-2018-07-11.jpg\">\u00a0F\u00eate dans les \u00e9coles<\/a><\/u><\/p><p><span class=\"tm9\"><span style=\"color: #000000;\">Midi-Libre du 5 juillet 2018 : <\/span><\/span><u><a href=\"\/wp-content\/uploads\/2018\/07\/ML-2018-07-05.jpg\">La course du Troubadour color a anim\u00e9 le village<\/a><\/u><\/p><p><span class=\"tm9\"><span style=\"color: #000000;\">Al\u00e8s Agglo &#8211; n\u00b058 &#8211; juillet &#8211; ao\u00fbt 2018 : <\/span><\/span><u><a href=\"\/wp-content\/uploads\/2018\/07\/AA-2018-58.jpg\">P\u00e9tanque et toros \u00e0 Euzet les 24 et 25 ao\u00fbt<\/a><\/u><\/p><p><span class=\"tm9\"><span style=\"color: #000000;\">Midi-Libre du 26 mai 2018 : <\/span><\/span><u><a href=\"\/wp-content\/uploads\/2018\/05\/ML-2018-05-26.jpg\">Les voisins se sont r\u00e9unis<\/a><\/u><\/p><p><span class=\"tm9\"><span style=\"color: #000000;\">Midi-Libre du 10 mai 2018 : <\/span><\/span><u><a href=\"\/wp-content\/uploads\/2018\/05\/ML-2018-05-10.jpg\">Comm\u00e9moration du 8 mai 1945<\/a><\/u><\/p><p><span class=\"tm9\"><span style=\"color: #000000;\">Al\u00e8s Agglo &#8211; n\u00b056 &#8211; mai 2018 : <\/span><\/span><u><a href=\"\/wp-content\/uploads\/2018\/05\/AA-2018-56.jpg\">L&rsquo;\u00e9cole est championne de la r\u00e9cup\u00e9ration des piles<\/a><\/u><\/p><p><span class=\"tm9\"><span style=\"color: #000000;\">Midi-Libre du 2 mai 2018 : <\/span><\/span><u><a href=\"\/wp-content\/uploads\/2018\/05\/ML-2018-05-02.jpg\">Du nouveau \u00e0 l&rsquo;agence postale<\/a><\/u><\/p><p><span class=\"tm9\"><span style=\"color: #000000;\">Midi-Libre du 29 avril 2018 : <\/span><\/span><u><a href=\"\/wp-content\/uploads\/2018\/04\/ML-2018-04-29.jpg\">\u00a0Ouverture d&rsquo;un d\u00e9p\u00f4t de pains \u00e0 la cave des Capitelles<\/a><\/u><\/p><p><span class=\"tm9\"><span style=\"color: #000000;\">Midi-Libre du 21 avril 2018 : <\/span><\/span><u><a href=\"\/wp-content\/uploads\/2018\/04\/ML-2018-04-21.jpg\">Un spectacle dynamique<\/a><\/u><\/p><p><span class=\"tm9\"><span style=\"color: #000000;\">Midi-Libre du 18 avril 2018 : <\/span><\/span><u><a href=\"\/wp-content\/uploads\/2018\/04\/ML-2018-04-18.jpg\">Les \u00e9coliers remportent le premier prix<\/a><\/u><\/p><p><span class=\"tm9\"><span style=\"color: #000000;\">Midi-Libre du 17 avril 2018 : <\/span><\/span><u><a href=\"\/wp-content\/uploads\/2018\/04\/ML-2018-04-17.jpg\">Conseil municipal : le foyer communal sera mis aux normes<\/a><\/u><\/p><p><span class=\"tm9\"><span style=\"color: #000000;\">Midi-Libre du 17 avril 2018 : <\/span><\/span><u><a href=\"\/wp-content\/uploads\/2018\/04\/ML-2018-04-17.jpg\">Une r\u00e9union sur les obligations de d\u00e9broussaillement<\/a><\/u><\/p><p><span class=\"tm9\"><span style=\"color: #000000;\">Midi-Libre du 6 avril 2018 : <\/span><\/span><u><a href=\"\/wp-content\/uploads\/2018\/04\/ML-2018-04-06.jpg\">Soir\u00e9e th\u00e9\u00e2tre avec les enfants de T&rsquo;pas cap sur sc\u00e8ne<\/a><\/u><\/p><p><span class=\"tm9\"><span style=\"color: #000000;\">Midi-Libre du 6 avril 2018 : <\/span><\/span><u><a href=\"\/wp-content\/uploads\/2018\/04\/ML-2018-04-06.jpg\">Un pique-nique pascal r\u00e9ussi<\/a><\/u><\/p><p><span class=\"tm9\"><span style=\"color: #000000;\">Midi-Libre du 26 mars 2018 : <\/span><\/span><u><a href=\"\/wp-content\/uploads\/2018\/03\/ML-2018-03-26.png\">Les enfants ont f\u00eat\u00e9 carnaval<\/a><\/u><\/p><p><span class=\"tm9\"><span style=\"color: #000000;\">Midi-Libre du 23 mars 2018 : <\/span><\/span><u><a href=\"\/wp-content\/uploads\/2018\/03\/ML-2018-03-23.png\">Le club de l&rsquo;amiti\u00e9 a organis\u00e9 un repas<\/a><\/u><\/p><p><span class=\"tm9\"><span style=\"color: #000000;\">Midi-Libre du 22 mars 2018 : <\/span><\/span><u><a href=\"\/wp-content\/uploads\/2018\/03\/ML-2018-03-22.png\">Les \u00e9coliers en s\u00e9jour \u00e0 la neige<\/a><\/u><\/p><p><span class=\"tm9\"><span style=\"color: #000000;\">Midi-Libre du 18 mars 2018 : <\/span><\/span><u><a href=\"\/wp-content\/uploads\/2018\/03\/ML-2018-03-18.png\">Fonds de concours de l&rsquo;Agglo : l&rsquo;\u00e9cole et la mairie seront mises en s\u00e9curit\u00e9<\/a><\/u><\/p><p><span style=\"color: #000000;\"><span class=\"tm9\">Midi-Libre du 8 mars 2018 : <\/span><\/span><u><a href=\"\/wp-content\/uploads\/2018\/03\/ML-2018-03-08.png\">Les vignerons des Capitelles \u00e0 l&rsquo;honneur<\/a><\/u><\/p><p><span class=\"tm9\"><span style=\"color: #000000;\">Al\u00e8s Agglo &#8211; n\u00b054 &#8211; mars 2018 : <\/span><\/span><u><a href=\"\/wp-content\/uploads\/2018\/03\/AA-2018-54.png\">Le chantier du futur EHPAD est lanc\u00e9<\/a><\/u><\/p><p><span class=\"tm9\"><span style=\"color: #000000;\">Midi-Libre du 5 mars 2018 : <\/span><\/span><u><a href=\"\/wp-content\/uploads\/2018\/03\/ML-2018-03-05.png\">La neige a fait son apparition<\/a><\/u><\/p><p><span class=\"tm9\"><span style=\"color: #000000;\">Midi-Libre du 28 f\u00e9vrier 2018 : <\/span><\/span><u><a href=\"\/wp-content\/uploads\/2018\/02\/ML-2018-02-28.png\">La gym tonique et dynamique<\/a><\/u><\/p><p><span class=\"tm9\"><span style=\"color: #000000;\">Midi-Libre du 26 f\u00e9vrier 2018 : <\/span><\/span><u><a href=\"\/wp-content\/uploads\/2018\/02\/ML-2018-02-26.png\">L&rsquo;art et la mati\u00e8re de Le Duault<\/a><\/u><\/p><p><span class=\"tm9\"><span style=\"color: #000000;\">Midi-Libre du 20 f\u00e9vrier 2018 : <\/span><\/span><u><a href=\"\/wp-content\/uploads\/2018\/02\/ML-2018-02-20.png\">Le sport pour oublier le cancer<\/a><\/u><\/p><p><span class=\"tm9\"><span style=\"color: #000000;\">Midi-Libre du 3 f\u00e9vrier 2018 : <\/span><\/span><u><a href=\"\/wp-content\/uploads\/2018\/02\/ML-2018-02-03.png\">A Euzet, une maison de retraite comme un symbole<\/a><\/u><\/p><p><span class=\"tm9\"><span style=\"color: #000000;\">Midi-Libre du 2 f\u00e9vrier 2018 : <\/span><\/span><u><a href=\"\/wp-content\/uploads\/2018\/02\/ML-2018-02-02.png\">Les a\u00een\u00e9s r\u00e9unis en assembl\u00e9e g\u00e9n\u00e9rale<\/a><\/u><\/p><p><span class=\"tm9\"><span style=\"color: #000000;\">Midi-Libre du 21 janvier 2018 : <\/span><\/span><u><a href=\"\/wp-content\/uploads\/2018\/01\/ML-2018-01-21.png\">Fernand Raffo d\u00e9c\u00e8de \u00e0 93 ans<\/a><\/u><\/p><p><span class=\"tm9\"><span style=\"color: #000000;\">Midi-Libre du 13 janvier 2018 : <\/span><\/span><u><a href=\"\/wp-content\/uploads\/2018\/01\/ML-2018-01-13.png\">Les rois et reines mis \u00e0 l&rsquo;honneur<\/a><\/u><\/p><p><span class=\"tm9\"><span style=\"color: #000000;\">Midi-Libre du 2 janvier 2018 : <\/span><\/span><u><a href=\"\/wp-content\/uploads\/2018\/01\/ML-2018-01-02.png\">Retour sur le second semestre 2017<\/a><\/u><\/p><p><span style=\"color: #000000;\"><span class=\"tm9\">Midi-Libre du 1<\/span><sup><span class=\"tm9\">er<\/span><\/sup><\/span><span class=\"tm9\"><span style=\"color: #000000;\"> janvier 2018 : <\/span><\/span><u><a href=\"\/wp-content\/uploads\/2018\/01\/ML-2018-01-01.png\">Le premier semestre 2017 dans le r\u00e9tro<\/a><\/u><\/p><\/div>\n\t\t\t\t<\/div>\n\t\t\t\t\t\t\t<div class=\"elementor-accordion-item\">\n\t\t\t\t\t<div id=\"elementor-tab-title-2358\" class=\"elementor-tab-title\" data-tab=\"8\" role=\"button\" aria-controls=\"elementor-tab-content-2358\" aria-expanded=\"false\">\n\t\t\t\t\t\t\t\t\t\t\t\t\t<span class=\"elementor-accordion-icon elementor-accordion-icon-left\" aria-hidden=\"true\">\n\t\t\t\t\t\t\t\t\t\t\t\t\t\t\t<span class=\"elementor-accordion-icon-closed\"><i class=\"fas fa-plus\"><\/i><\/span>\n\t\t\t\t\t\t\t\t<span class=\"elementor-accordion-icon-opened\"><i class=\"fas fa-minus\"><\/i><\/span>\n\t\t\t\t\t\t\t\t\t\t\t\t\t\t<\/span>\n\t\t\t\t\t\t\t\t\t\t\t\t<a class=\"elementor-accordion-title\" tabindex=\"0\">Ann\u00e9e 2017<\/a>\n\t\t\t\t\t<\/div>\n\t\t\t\t\t<div id=\"elementor-tab-content-2358\" class=\"elementor-tab-content elementor-clearfix\" data-tab=\"8\" role=\"region\" aria-labelledby=\"elementor-tab-title-2358\"><p><span class=\"tm9\"><span style=\"color: #000000;\">Midi-Libre du 25 d\u00e9cembre 2017 : <\/span><\/span><u><a href=\"\/wp-content\/uploads\/2018\/01\/ML-2017-12-25.png\">Petit air de f\u00eates \u00e0 la biblioth\u00e8que<\/a><\/u><\/p><p><span class=\"tm9\"><span style=\"color: #000000;\">Midi-Libre du 19 d\u00e9cembre 2017 : <\/span><\/span><u><a href=\"\/wp-content\/uploads\/2017\/12\/ML-2017-12-19.png\">L&rsquo;Ehpad va enfin voir le jour<\/a><\/u><\/p><p><span class=\"tm9\"><span style=\"color: #000000;\">Midi-Libre du 16 d\u00e9cembre 2017 : <\/span><\/span><u><a href=\"\/wp-content\/uploads\/2017\/12\/ML-2017-12-16.png\">Les a\u00een\u00e9s mis \u00e0 l&rsquo;honneur<\/a><\/u><\/p><p><span class=\"tm9\"><span style=\"color: #000000;\">Midi-Libre du 11 d\u00e9cembre 2017 : <\/span><\/span><u><a href=\"\/wp-content\/uploads\/2017\/12\/ML-2017-12-11.png\">Club de l&rsquo;amiti\u00e9<\/a><\/u><\/p><p><span class=\"tm9\"><span style=\"color: #000000;\">Midi-Libre du 16 novembre 2017 : <\/span><\/span><u><a href=\"\/wp-content\/uploads\/2017\/11\/ML-2017-11-16.png\">Soir\u00e9e Halloween en d\u00e9cal\u00e9<\/a><\/u><\/p><p><span class=\"tm9\"><span style=\"color: #000000;\">Midi-Libre du 27 septembre 2017 : <\/span><\/span><u><a href=\"\/wp-content\/uploads\/2017\/09\/ML-2017-09-27-1-e1506520798519.png\">Annick Le Duault l\u00e8ve le voile<\/a><\/u><\/p><p><span class=\"tm9\"><span style=\"color: #000000;\">Midi-Libre du 26 septembre 2017 : <\/span><\/span><u><a href=\"\/wp-content\/uploads\/2017\/09\/ML-2017-09-27.png\">Des \u00e9lus \u00e0 la cave coop\u00e9rative<\/a><\/u><\/p><p><span class=\"tm9\"><span style=\"color: #000000;\">Al\u00e8s Agglo &#8211; n\u00b048 &#8211; septembre 2017 : <\/span><\/span><u><a href=\"\/wp-content\/uploads\/2017\/09\/AA-2017-48.png\">La construction de la maison de retraite est imminente<\/a><\/u><\/p><p><span class=\"tm9\"><span style=\"color: #000000;\">Midi-Libre du 5 septembre 2017 : <\/span><\/span><u><a href=\"\/wp-content\/uploads\/2017\/09\/ML-2017-09-05.png\">Sur le chemin de l&rsquo;\u00e9cole<\/a><\/u><\/p><p><span class=\"tm9\"><span style=\"color: #000000;\">Midi-Libre du 24 ao\u00fbt 2017 : <\/span><\/span><u><a href=\"\/wp-content\/uploads\/2017\/08\/ML-2017-08-24.png\">Un week-end de f\u00eate \u00e0 venir<\/a><\/u><\/p><p><span class=\"tm9\"><span style=\"color: #000000;\">Midi-Libre du 22 ao\u00fbt 2017 : <\/span><\/span><u><a href=\"\/wp-content\/uploads\/2017\/08\/ML-2017-08-22.png\">La lib\u00e9ration du Gard a \u00e9t\u00e9 c\u00e9l\u00e9br\u00e9e sur le site d&rsquo;un combat<\/a><\/u><\/p><p><span class=\"tm9\"><span style=\"color: #000000;\">Midi-Libre du 9 ao\u00fbt 2017 : <\/span><\/span><u><a href=\"\/wp-content\/uploads\/2017\/08\/ML-2017-08-09.png\">De nombreux visiteurs pour la lavande et son march\u00e9<\/a><\/u><\/p><p><span class=\"tm9\"><span style=\"color: #000000;\">Midi-Libre du 9 juillet 2017 : <\/span><\/span><u><a href=\"\/wp-content\/uploads\/2017\/07\/ML-2017-07-09.png\">\u00a0Le club de l&rsquo;amiti\u00e9 en vacances<\/a><\/u><\/p><p><span class=\"tm9\"><span style=\"color: #000000;\">Midi-Libre du 2 juillet 2017 : <\/span><\/span><u><a href=\"\/wp-content\/uploads\/2017\/07\/ML-2017-07-02.png\">\u00a0La Saint-Jean anim\u00e9e<\/a><\/u><\/p><p><span class=\"tm9\"><span style=\"color: #000000;\">Midi-Libre du 12 mai 2017 : <\/span><\/span><u><a href=\"\/wp-content\/uploads\/2017\/05\/ML-2017-05-12.png\">C\u00e9r\u00e9monie\u00a0du 8 mai<\/a><\/u><\/p><p><span class=\"tm9\"><span style=\"color: #000000;\">Midi-Libre du 27 avril 2017 : <\/span><\/span><u><a href=\"\/wp-content\/uploads\/2017\/04\/ML-2017-04-27.png\">F\u00eate au jardin pour P\u00e2ques<\/a><\/u><\/p><p><span class=\"tm9\"><span style=\"color: #000000;\">Midi-Libre du 12 avril 2017 : <\/span><\/span><u><a href=\"\/wp-content\/uploads\/2017\/04\/ML-2017-04-12.png\">Atelier de peinture sur \u0153ufs<\/a><\/u><\/p><p><span class=\"tm9\"><span style=\"color: #000000;\">Al\u00e8s Agglo &#8211; n\u00b044 &#8211; avril 2017 : <\/span><\/span><u><a href=\"\/wp-content\/uploads\/2017\/04\/AA-2017-04.png\">L&rsquo;indispensable agence postale<\/a><\/u><\/p><p><span class=\"tm9\"><span style=\"color: #000000;\">Al\u00e8s Agglo &#8211; n\u00b043 &#8211; mars 2017 : <\/span><\/span><u><a href=\"\/wp-content\/uploads\/2017\/04\/AA-2017-03.png\">Une vie \u00e9conomique d&rsquo;une \u00e9tonnante richesse<\/a><\/u><\/p><p><span class=\"tm9\"><span style=\"color: #000000;\">Midi-Libre du 9 janvier 2017 : <\/span><\/span><u><a href=\"\/wp-content\/uploads\/2017\/01\/ML-2017-01-09.png\">Dernier repas de l&rsquo;ann\u00e9e pour les a\u00een\u00e9s du Club de l&rsquo;amiti\u00e9<\/a><\/u><\/p><p><span class=\"tm9\"><span style=\"color: #000000;\">Midi-Libre du 8 janvier 2017 : <\/span><\/span><u><a href=\"\/wp-content\/uploads\/2017\/01\/ML-2017-01-08.png\">Dans le village, le second semestre de l&rsquo;ann\u00e9e 2016 est bien anim\u00e9<\/a><\/u><\/p><p><span class=\"tm9\"><span style=\"color: #000000;\">Midi-Libre du 7 janvier 2017 : <\/span><\/span><u><a href=\"\/wp-content\/uploads\/2017\/01\/ML-2017-01-07.png\">Un regard jet\u00e9 dans le r\u00e9tro du premier semestre 2016<\/a><\/u><\/p><p><span class=\"tm9\"><span style=\"color: #000000;\">Midi-Libre du 5 janvier 2017 : <\/span><\/span><u><a href=\"\/wp-content\/uploads\/2017\/01\/ML-2017-01-05.png\">Pour marquer la fin de l&rsquo;ann\u00e9e, la biblioth\u00e8que a ouvert ses portes<\/a><\/u><\/p><\/div>\n\t\t\t\t<\/div>\n\t\t\t\t\t\t\t<div class=\"elementor-accordion-item\">\n\t\t\t\t\t<div id=\"elementor-tab-title-2359\" class=\"elementor-tab-title\" data-tab=\"9\" role=\"button\" aria-controls=\"elementor-tab-content-2359\" aria-expanded=\"false\">\n\t\t\t\t\t\t\t\t\t\t\t\t\t<span class=\"elementor-accordion-icon elementor-accordion-icon-left\" aria-hidden=\"true\">\n\t\t\t\t\t\t\t\t\t\t\t\t\t\t\t<span class=\"elementor-accordion-icon-closed\"><i class=\"fas fa-plus\"><\/i><\/span>\n\t\t\t\t\t\t\t\t<span class=\"elementor-accordion-icon-opened\"><i class=\"fas fa-minus\"><\/i><\/span>\n\t\t\t\t\t\t\t\t\t\t\t\t\t\t<\/span>\n\t\t\t\t\t\t\t\t\t\t\t\t<a class=\"elementor-accordion-title\" tabindex=\"0\">Ann\u00e9e 2016<\/a>\n\t\t\t\t\t<\/div>\n\t\t\t\t\t<div id=\"elementor-tab-content-2359\" class=\"elementor-tab-content elementor-clearfix\" data-tab=\"9\" role=\"region\" aria-labelledby=\"elementor-tab-title-2359\"><p><span class=\"tm9\"><span style=\"color: #000000;\">Midi-Libre du 31 d\u00e9cembre 2016 : <\/span><\/span><u><a href=\"\/wp-content\/uploads\/2017\/01\/ML-2016-12-31.png\">Limiter la vitesse au conseil municipal<\/a><\/u><\/p><p><span style=\"color: #000000;\"><span class=\"tm9\">Midi-Libre du 27 <\/span><span class=\"tm9\">d\u00e9cembre 2016 : <\/span><\/span><u><a href=\"\/wp-content\/uploads\/2017\/01\/ML-2016-12-27.png\">Une journ\u00e9e dans la tradition<\/a><\/u><\/p><p><span class=\"tm9\"><span style=\"color: #000000;\">Midi-Libre du 8 d\u00e9cembre 2016 : <\/span><\/span><u><a href=\"\/wp-content\/uploads\/2016\/12\/ML-2016-12-08.png\">Portes ouvertes \u00e0 la biblioth\u00e8que<\/a><\/u><\/p><p><span class=\"tm9\"><span style=\"color: #000000;\">Al\u00e8s Agglo &#8211; n\u00b041 &#8211; d\u00e9cembre 2016 : <\/span><\/span><u><a href=\"\/wp-content\/uploads\/2016\/12\/AA-2016-12.png\">Une castagnade pour Halloween<\/a><\/u><\/p><p><span class=\"tm9\"><span style=\"color: #000000;\">Midi-Libre du 16 novembre 2016 : <\/span><\/span><u><a href=\"\/wp-content\/uploads\/2016\/11\/ML-2016-11-16.png\">\u00a011 novembre<\/a><\/u><\/p><p><span class=\"tm9\"><span style=\"color: #000000;\">Al\u00e8s Agglo &#8211; n\u00b040 &#8211; novembre 2016 : <\/span><\/span><u><a href=\"\/wp-content\/uploads\/2016\/11\/AA-2016-11.png\">\u00a0Vingt c\u00e9pages \u00e0 d\u00e9couvrir&#8230;<\/a><\/u><\/p><p><span class=\"tm9\"><span style=\"color: #000000;\">Midi-Libre du 5 novembre 2016 : <\/span><\/span><u><a href=\"\/wp-content\/uploads\/2016\/11\/Capture-ML-2016-11-05.png\">Anim&rsquo;Euzet a invit\u00e9 des personnages inqui\u00e9tants \u00e0 sa castagnade<\/a><\/u><\/p><p><span style=\"color: #000000;\"><span class=\"tm9\">Midi-Libre du 1<\/span><sup><span class=\"tm9\">er<\/span><\/sup><\/span><span class=\"tm9\"><span style=\"color: #000000;\"> novembre 2016 : <\/span><\/span><u><a href=\"\/wp-content\/uploads\/2016\/11\/ML-2016-11-01.png\">\u00a0Les \u00e9chos du village<\/a><\/u><\/p><p><span class=\"tm9\"><span style=\"color: #000000;\">Midi-Libre du 24 octobre 2016<\/span><\/span> : <u><a href=\"\/wp-content\/uploads\/2016\/11\/Capture-ML-2016-10-24.png\">Les travaux de l&rsquo;Ehpad d\u00e9buteront en 2017<\/a><\/u><\/p><p><span class=\"tm9\"><span style=\"color: #000000;\">Al\u00e8s Agglo &#8211; n\u00b039 &#8211; octobre 2016 : <\/span><\/span><u><a href=\"\/wp-content\/uploads\/2016\/10\/AA-2016-10.png\">Avis aux amateurs de th\u00e9\u00e2tre<\/a><\/u><\/p><p><span class=\"tm9\"><span style=\"color: #000000;\">Midi-Libre du 10 octobre 2016 : <\/span><\/span><u><a href=\"\/wp-content\/uploads\/2016\/10\/ML-2016-10-10.png\">J\u00e9r\u00e9my a cr\u00e9\u00e9 son activit\u00e9 au village<\/a><\/u><\/p><p><span class=\"tm9\"><span style=\"color: #000000;\">L&rsquo;Ancien d&rsquo;Alg\u00e9rie &#8211; 08-09 2016 : <\/span><\/span><u><a href=\"\/wp-content\/uploads\/2016\/09\/L-ancien-d-alg\u00e9rie-08-09-2016.png\">\u00a0Inauguration du square de 19 mars 1962<\/a><\/u><\/p><p><span class=\"tm9\"><span style=\"color: #000000;\">Midi-Libre du 9 septembre 2016 : <\/span><\/span><u><a href=\"\/wp-content\/uploads\/2016\/09\/ML-2016-09-09.png\">Conseil municipal<\/a><\/u><\/p><p><span class=\"tm9\"><span style=\"color: #000000;\">Al\u00e8s Agglo &#8211; n\u00b038 &#8211; septembre 2016 : <\/span><\/span><u><a href=\"\/wp-content\/uploads\/2016\/09\/AA-2016-09.png\">Une f\u00eate de la lavande en costume<\/a><\/u><\/p><p><span class=\"tm9\"><span style=\"color: #000000;\">Midi-Libre du 7 septembre 2016 : <\/span><\/span><u><a href=\"\/wp-content\/uploads\/2016\/09\/ML-2016-09-07.png\">Un succ\u00e8s pour la f\u00eate du village<\/a><\/u><\/p><p><span class=\"tm9\"><span style=\"color: #000000;\">Midi-Libre du 4 septembre 2016 : <\/span><\/span><u><a href=\"\/wp-content\/uploads\/2016\/09\/ML-2016-09-04.png\">Rentr\u00e9e d&rsquo;\u00e9cole sereine<\/a><\/u><\/p><p><span class=\"tm9\"><span style=\"color: #000000;\">Midi-Libre du 28 ao\u00fbt 2016 : <\/span><\/span><u><a href=\"\/wp-content\/uploads\/2016\/08\/ML-2016-08-28.png\">Le cirque Loyal s&rsquo;est arr\u00eat\u00e9 au village<\/a><\/u><\/p><p><span class=\"tm9\"><span style=\"color: #000000;\">Midi-Libre du 25 ao\u00fbt 2016 : <\/span><\/span><u><a href=\"\/wp-content\/uploads\/2016\/11\/Capture-ML-2016-08-25-2.png\">Anim&rsquo;Euzet d\u00e9voile son programme pour les deux jours de f\u00eate votive<\/a><\/u><\/p><p><span class=\"tm9\"><span style=\"color: #000000;\">Midi-Libre du 25 ao\u00fbt 2016 : <\/span><\/span><u><a href=\"\/wp-content\/uploads\/2016\/08\/ML-2016-08-25-1.png\">Initiation \u00e0 la d\u00e9gustation des vins des Vignerons des Capitelles<\/a><\/u><\/p><p><span class=\"tm9\"><span style=\"color: #000000;\">Midi-Libre du 23 ao\u00fbt 2016 : <\/span><\/span><u><a href=\"\/wp-content\/uploads\/2016\/08\/ML-2016-08-23.png\">Lib\u00e9ration du Gard \u00e0 Euzet-les-bains<\/a><\/u><\/p><p><span class=\"tm9\"><span style=\"color: #000000;\">Midi-Libre du 19 ao\u00fbt 2016 : <\/span><\/span><u><a href=\"\/wp-content\/uploads\/2016\/08\/ML-2016-08-19.png\">D\u00e9c\u00e8s- Lib\u00e9ration du Gard<\/a><\/u><\/p><p><span class=\"tm9\"><span style=\"color: #000000;\">Midi-Libre du 15 ao\u00fbt 2016 : <\/span><\/span><u><a href=\"\/wp-content\/uploads\/2016\/08\/ML-2016-08-15.png\">Damien Troupel vend sa production aux jardins du Laquet<\/a><\/u><\/p><p><span class=\"tm9\"><span style=\"color: #000000;\">Midi-Libre du 8 ao\u00fbt 2016 : <\/span><\/span><u><a href=\"\/wp-content\/uploads\/2016\/08\/ML-2016-08-08.png\">La lavande c\u00e9l\u00e9br\u00e9e \u00e0 Euzet<\/a><\/u><\/p><p><span class=\"tm9\"><span style=\"color: #000000;\">Midi-Libre du 7 ao\u00fbt 2016 : <\/span><\/span><u><a href=\"\/wp-content\/uploads\/2016\/08\/ML-2016-08-07.png\">Dimanche, la lavande et le terroir sont en f\u00eate<\/a><\/u><\/p><p><span class=\"tm9\"><span style=\"color: #000000;\">Midi-Libre du 4 ao\u00fbt 2016 : <\/span><\/span><u><a href=\"\/wp-content\/uploads\/2016\/08\/ML-2016-08-04.png\">La lavande c\u00e9l\u00e9br\u00e9e \u00e0 Euzet-les-bains<\/a><\/u><\/p><p><span class=\"tm9\"><span style=\"color: #000000;\">Midi-Libre du 20 juillet 2016 : <\/span><\/span><u><a href=\"\/wp-content\/uploads\/2016\/07\/ML-2016-07-20.png\">F\u00eate nationale<\/a><\/u><\/p><p><span class=\"tm9\"><span style=\"color: #000000;\">Midi-Libre du 9 juillet 2016 : <\/span><\/span><u><a href=\"\/wp-content\/uploads\/2016\/07\/ML-2016-07-09.png\">Inauguration de la biblioth\u00e8que<\/a><\/u><\/p><p><span class=\"tm9\"><span style=\"color: #000000;\">Midi-Libre du 2 juillet 2016 : <\/span><\/span><u><a href=\"\/wp-content\/uploads\/2016\/07\/ML-2016-07-02.png\">Un bien joli spectacle<\/a><\/u><\/p><p><span class=\"tm9\"><span style=\"color: #000000;\">Midi-Libre du 5 juin 2016 : <\/span><\/span><u><a href=\"\/wp-content\/uploads\/2016\/06\/ML-2016-05-25.png\">Des cambriolages \u00e0 deux reprises<\/a><\/u><\/p><p><span class=\"tm9\"><span style=\"color: #000000;\">Midi-Libre du 25 mai 2016 : <\/span><\/span><u><a href=\"\/wp-content\/uploads\/2016\/05\/ML-2016-05-25.png\">Le vide-greniers a anim\u00e9 le village<\/a><\/u><\/p><p><span class=\"tm9\"><span style=\"color: #000000;\">Midi-Libre du 12 mai 2016 : <\/span><\/span><u><a href=\"\/wp-content\/uploads\/2016\/05\/ML-2016-05-12.png\">C\u00e9r\u00e9monie du 8 mai<\/a><\/u><\/p><p><span class=\"tm9\"><span style=\"color: #000000;\">Midi-Libre du 3 mai\u00a02016<\/span><\/span><strong><u> : <\/u><\/strong><u><a href=\"\/wp-content\/uploads\/2016\/05\/ML-2016-05-03.png\">Un nouveau parking<\/a><\/u><\/p><p><span class=\"tm9\"><span style=\"color: #000000;\">Midi-Libre du 24 avril 2016 : <\/span><\/span><u><a href=\"\/wp-content\/uploads\/2016\/04\/ML-2016-04-24.png\">La biblioth\u00e8que investit de nouveaux locaux<\/a><\/u><\/p><p><span class=\"tm9\"><span style=\"color: #000000;\">Midi-Libre du 20\u00a0avril 2016<\/span><\/span> : <u><a href=\"\/wp-content\/uploads\/2016\/04\/ML-2016-04-20.png\">Des ateliers de th\u00e9\u00e2tre au village<\/a><\/u><\/p><p><span class=\"tm9\"><span style=\"color: #000000;\">Midi-Libre du 14 avril 2016 : <\/span><\/span><u><a href=\"\/wp-content\/uploads\/2016\/04\/ML-2016-04-14.png\">Une st\u00e8le en hommage aux anciens combattants<\/a><\/u><\/p><p><span class=\"tm9\"><span style=\"color: #000000;\">Midi-Libre du 9 avril 2016 : <\/span><\/span><u><a href=\"\/wp-content\/uploads\/2016\/04\/ML-2016-04-09.png\">Une bonne omelette sur l&rsquo;herbe<\/a><\/u><\/p><p><span class=\"tm9\"><span style=\"color: #000000;\">Midi-Libre du 29 mars 2016 : <\/span><\/span><u><a href=\"\/wp-content\/uploads\/2016\/03\/ML-2016-03-29.png\">Les \u00e9coliers ont fait leur carnaval<\/a><\/u><\/p><p><span class=\"tm9\"><span style=\"color: #000000;\">Midi-Libre du 16 f\u00e9vrier 2016 : <\/span><\/span><u><a href=\"\/wp-content\/uploads\/2016\/02\/ML-2016-02-16.png\">D\u00e9c\u00e8s de Th\u00e9r\u00e8se Chevrolat<\/a><\/u><\/p><p><span class=\"tm9\"><span style=\"color: #000000;\">Midi-Libre du 12 f\u00e9vrier 2016 : <\/span><\/span><u><a href=\"\/wp-content\/uploads\/2016\/02\/ML-2016-02-12.png\">Le club de l&rsquo;amiti\u00e9 en hausse d&rsquo;effectifs avec 76 adh\u00e9rents<\/a><\/u><\/p><p><span class=\"tm9\"><span style=\"color: #000000;\">Midi-Libre du 28 janvier 2016 : <\/span><\/span><u><a href=\"\/wp-content\/uploads\/2016\/06\/ML-2016-01-28.png\">Al\u00e8s Sport adapt\u00e9 : des troph\u00e9es gardois<\/a><\/u><\/p><p><span class=\"tm9\"><span style=\"color: #000000;\">Midi-Libre du 8 janvier 2016 : <\/span><\/span><u><a href=\"\/wp-content\/uploads\/2016\/01\/ML-2016-01-08.png\">Un coup d\u2019\u0153il dans le r\u00e9tro de l&rsquo;ann\u00e9e\u00a02015<\/a><\/u><\/p><p><span class=\"tm9\"><span style=\"color: #000000;\">Midi-Libre du 3 janvier 2016 : <\/span><\/span><u><a href=\"\/wp-content\/uploads\/2016\/01\/ML-2016-01-03.png\">R\u00e9tro 1er semestre 2015 : de nombreux travaux<\/a><\/u><\/p><p><span class=\"tm9\"><span style=\"color: #000000;\">Midi-Libre du 2 janvier 2016: <\/span><\/span><u><a href=\"\/wp-content\/uploads\/2016\/11\/ML-2016-01-02.png\">Le village troque les illuminations contre un hommage aux victimes<\/a><\/u><\/p><\/div>\n\t\t\t\t<\/div>\n\t\t\t\t\t\t\t<div class=\"elementor-accordion-item\">\n\t\t\t\t\t<div id=\"elementor-tab-title-23510\" class=\"elementor-tab-title\" data-tab=\"10\" role=\"button\" aria-controls=\"elementor-tab-content-23510\" aria-expanded=\"false\">\n\t\t\t\t\t\t\t\t\t\t\t\t\t<span class=\"elementor-accordion-icon elementor-accordion-icon-left\" aria-hidden=\"true\">\n\t\t\t\t\t\t\t\t\t\t\t\t\t\t\t<span class=\"elementor-accordion-icon-closed\"><i class=\"fas fa-plus\"><\/i><\/span>\n\t\t\t\t\t\t\t\t<span class=\"elementor-accordion-icon-opened\"><i class=\"fas fa-minus\"><\/i><\/span>\n\t\t\t\t\t\t\t\t\t\t\t\t\t\t<\/span>\n\t\t\t\t\t\t\t\t\t\t\t\t<a class=\"elementor-accordion-title\" tabindex=\"0\">Ann\u00e9e 2015<\/a>\n\t\t\t\t\t<\/div>\n\t\t\t\t\t<div id=\"elementor-tab-content-23510\" class=\"elementor-tab-content elementor-clearfix\" data-tab=\"10\" role=\"region\" aria-labelledby=\"elementor-tab-title-23510\"><p><span class=\"tm9\" style=\"color: #000000;\">Midi-Libre du 20 d\u00e9cembre 2015 : <\/span><u><a href=\"\/wp-content\/uploads\/2015\/12\/ML-2015-12-20.png\">Les a\u00een\u00e9s r\u00e9unis pour un repas de f\u00eate<\/a><\/u><\/p><p><span class=\"tm9\" style=\"color: #000000;\">Midi-Libre du 4 d\u00e9cembre 2015 : <\/span><u><a href=\"\/wp-content\/uploads\/2015\/12\/ML-2015-12-04.png\">Une quarantaine de livres ont disparu des rayons de la biblioth\u00e8que<\/a><\/u><\/p><p><span class=\"tm9\"><span style=\"color: #000000;\">Midi-Libre du 17novembre 2015 : <\/span><\/span><u><a href=\"\/wp-content\/uploads\/2015\/11\/ML-2015-11-17.png\">11 novembre\u00a0\u00e0 Euzet-les-bains<\/a><\/u><\/p><p><span style=\"color: #000000;\"><span class=\"tm9\">Midi-Libre du 6\u00a0novembre 201<\/span><span class=\"tm9\">5 : <\/span><\/span><u><a href=\"\/wp-content\/uploads\/2015\/11\/ML-2015-11-06.png\">Halloween \u00e0 Euzet-les-bains<\/a><\/u><\/p><p><span class=\"tm9\"><span style=\"color: #000000;\">Midi-Libre du 31 octobre 2015 : <\/span><\/span><u><a href=\"\/wp-content\/uploads\/2015\/10\/ML-2015-10-31.png\">Au club de l&rsquo;Amiti\u00e9, la convivialit\u00e9 s&rsquo;entretient autour d&rsquo;une bonne table<\/a><\/u><\/p><p><span class=\"tm9\"><span style=\"color: #000000;\">Midi-Libre du 27 octobre 2015 : <\/span><\/span><u><a href=\"\/wp-content\/uploads\/2015\/10\/ML-2015-10-27.png\">Il suffit de passer le pont&#8230;<\/a><\/u><\/p><p><span class=\"tm9\"><span style=\"color: #000000;\">Midi-Libre du 25 octobre 2015 : <\/span><\/span><u><a href=\"\/wp-content\/uploads\/2015\/10\/ML-2015-10-25.png\">Un centre de soins pour les chevaux<\/a><\/u><\/p><p><a href=\"\/wp-content\/uploads\/2015\/10\/ML-2015-10-15.png\"><span class=\"tm9\"><span style=\"color: #000000;\">Midi-Libre du 15 octobre 2015 :\u00a0<\/span><\/span><\/a><u><a href=\"\/wp-content\/uploads\/2015\/10\/ML-2015-10-15.png\">Biblioth\u00e8que<\/a><\/u><\/p><p><span class=\"tm9\"><span style=\"color: #000000;\">Midi-Libre du 5 octobre 2015 : <\/span><\/span><u><a href=\"\/wp-content\/uploads\/2015\/10\/ML-2015-10-05.png\">Les \u00a0\u00e9lus d\u00e9partementaux en visite \u00e0 la cave<\/a><\/u><\/p><p><a href=\"\/wp-content\/uploads\/2015\/10\/ML-2015-10-01.png\"><span class=\"tm9\"><span style=\"color: #000000;\">Midi-Libre du 1er octobre 2015 :\u00a0<\/span><\/span><\/a><u><a href=\"\/wp-content\/uploads\/2015\/10\/ML-2015-10-01.png\">On passe d\u00e9sormais le pont sur la RD 981<\/a><\/u><\/p><p><a href=\"\/wp-content\/uploads\/2015\/09\/ML-2015-09-30.png\"><span class=\"tm9\"><span style=\"color: #000000;\">Midi-Libre du 30 septembre 2015 :\u00a0<\/span><\/span><\/a><u><a href=\"\/wp-content\/uploads\/2015\/09\/ML-2015-09-30.png\">Des vendanges prometteuses pour William et Fr\u00e9d\u00e9ric<\/a><\/u><\/p><p><span class=\"tm9\"><span style=\"color: #000000;\">Midi-Libre du 21 septembre 2015<\/span><\/span> : <u><a href=\"\/wp-content\/uploads\/2015\/09\/ML-2015-09-21.png\">Un livre en hommage aux \u00a0Poilus du village morts pour la France<\/a><\/u><\/p><p><span class=\"tm9\"><span style=\"color: #000000;\">Midi-Libre du 18 septembre 2015 : <\/span><\/span><u><a href=\"\/wp-content\/uploads\/2015\/09\/ML-2015-09-18.png\">D\u00e9c\u00e8s<\/a><\/u><\/p><p><span class=\"tm9\"><span style=\"color: #000000;\">Midi-Libre du 9 septembre 2015 : <\/span><\/span><u><a href=\"\/wp-content\/uploads\/2015\/09\/ML-2015-09-09.png\">Une belle surprise dans la jardin de Gino et Laurette<\/a><\/u><\/p><p><span class=\"tm9\"><span style=\"color: #000000;\">Midi-Libre du 3 septembre 2015 : <\/span><\/span><u><a href=\"\/wp-content\/uploads\/2015\/09\/ML-2015-09-03.png\">Une rentr\u00e9e pleine de d\u00e9couverte<\/a><\/u><\/p><p><span class=\"tm9\"><span style=\"color: #000000;\">Midi-Libre du 1er septembre 2015 : <\/span><\/span><u><a href=\"\/wp-content\/uploads\/2015\/09\/ML-2015-09-01.png\">La f\u00eate a remport\u00e9 un beau succ\u00e8s<\/a><\/u><\/p><p><span class=\"tm9\"><span style=\"color: #000000;\">Midi-Libre du 27 juillet 2015 : <\/span><\/span><u><a href=\"\/wp-content\/uploads\/2020\/03\/Escalier-petit-jardin.jpg\">Belle r\u00e9alisation pour le jardin municipal<\/a><\/u><\/p><\/div>\n\t\t\t\t<\/div>\n\t\t\t\t\t\t\t\t<\/div>\n\t\t\t\t<\/div>\n\t\t\t\t<\/div>\n\t\t\t\t\t<\/div>\n\t\t<\/div>\n\t\t\t\t\t<\/div>\n\t\t<\/section>\n\t\t\t\t<\/div>\n\t\t","protected":false},"excerpt":{"rendered":"<p>Vous trouverez ci dessous tous les articles parus dans la presse depuis 2015. Bonne lecture et bon voyage dans le pass\u00e9 Ann\u00e9e 2024 Agglo\u00a0: Janvier\u00a0: La municipalit\u00e9 facilite les d\u00e9marches en ligne F\u00e9vrier\u00a0: Un boulanger extraordinaire \u00e9tait de passage au village Mars\u00a0: Les Obligations L\u00e9gales de D\u00e9broussaillement rappel\u00e9es aux habitants Avril\u00a0: Loto, vous avez dit [&hellip;]<\/p>\n","protected":false},"author":2,"featured_media":0,"parent":4388,"menu_order":0,"comment_status":"closed","ping_status":"closed","template":"","meta":{"_monsterinsights_skip_tracking":false,"_monsterinsights_sitenote_active":false,"_monsterinsights_sitenote_note":"","_monsterinsights_sitenote_category":0,"ocean_post_layout":"","ocean_both_sidebars_style":"","ocean_both_sidebars_content_width":0,"ocean_both_sidebars_sidebars_width":0,"ocean_sidebar":"","ocean_second_sidebar":"","ocean_disable_margins":"enable","ocean_add_body_class":"","ocean_shortcode_before_top_bar":"","ocean_shortcode_after_top_bar":"","ocean_shortcode_before_header":"","ocean_shortcode_after_header":"","ocean_has_shortcode":"","ocean_shortcode_after_title":"","ocean_shortcode_before_footer_widgets":"","ocean_shortcode_after_footer_widgets":"","ocean_shortcode_before_footer_bottom":"","ocean_shortcode_after_footer_bottom":"","ocean_display_top_bar":"default","ocean_display_header":"default","ocean_header_style":"","ocean_center_header_left_menu":"","ocean_custom_header_template":"","ocean_custom_logo":0,"ocean_custom_retina_logo":0,"ocean_custom_logo_max_width":0,"ocean_custom_logo_tablet_max_width":0,"ocean_custom_logo_mobile_max_width":0,"ocean_custom_logo_max_height":0,"ocean_custom_logo_tablet_max_height":0,"ocean_custom_logo_mobile_max_height":0,"ocean_header_custom_menu":"","ocean_menu_typo_font_family":"","ocean_menu_typo_font_subset":"","ocean_menu_typo_font_size":0,"ocean_menu_typo_font_size_tablet":0,"ocean_menu_typo_font_size_mobile":0,"ocean_menu_typo_font_size_unit":"px","ocean_menu_typo_font_weight":"","ocean_menu_typo_font_weight_tablet":"","ocean_menu_typo_font_weight_mobile":"","ocean_menu_typo_transform":"","ocean_menu_typo_transform_tablet":"","ocean_menu_typo_transform_mobile":"","ocean_menu_typo_line_height":0,"ocean_menu_typo_line_height_tablet":0,"ocean_menu_typo_line_height_mobile":0,"ocean_menu_typo_line_height_unit":"","ocean_menu_typo_spacing":0,"ocean_menu_typo_spacing_tablet":0,"ocean_menu_typo_spacing_mobile":0,"ocean_menu_typo_spacing_unit":"","ocean_menu_link_color":"","ocean_menu_link_color_hover":"","ocean_menu_link_color_active":"","ocean_menu_link_background":"","ocean_menu_link_hover_background":"","ocean_menu_link_active_background":"","ocean_menu_social_links_bg":"","ocean_menu_social_hover_links_bg":"","ocean_menu_social_links_color":"","ocean_menu_social_hover_links_color":"","ocean_disable_title":"default","ocean_disable_heading":"default","ocean_post_title":"","ocean_post_subheading":"","ocean_post_title_style":"","ocean_post_title_background_color":"","ocean_post_title_background":0,"ocean_post_title_bg_image_position":"","ocean_post_title_bg_image_attachment":"","ocean_post_title_bg_image_repeat":"","ocean_post_title_bg_image_size":"","ocean_post_title_height":0,"ocean_post_title_bg_overlay":0.5,"ocean_post_title_bg_overlay_color":"","ocean_disable_breadcrumbs":"default","ocean_breadcrumbs_color":"","ocean_breadcrumbs_separator_color":"","ocean_breadcrumbs_links_color":"","ocean_breadcrumbs_links_hover_color":"","ocean_display_footer_widgets":"default","ocean_display_footer_bottom":"default","ocean_custom_footer_template":"","_mc_calendar":[]},"_links":{"self":[{"href":"http:\/\/Euzet-les-Bains.fr\/index.php\/wp-json\/wp\/v2\/pages\/1169"}],"collection":[{"href":"http:\/\/Euzet-les-Bains.fr\/index.php\/wp-json\/wp\/v2\/pages"}],"about":[{"href":"http:\/\/Euzet-les-Bains.fr\/index.php\/wp-json\/wp\/v2\/types\/page"}],"author":[{"embeddable":true,"href":"http:\/\/Euzet-les-Bains.fr\/index.php\/wp-json\/wp\/v2\/users\/2"}],"replies":[{"embeddable":true,"href":"http:\/\/Euzet-les-Bains.fr\/index.php\/wp-json\/wp\/v2\/comments?post=1169"}],"version-history":[{"count":196,"href":"http:\/\/Euzet-les-Bains.fr\/index.php\/wp-json\/wp\/v2\/pages\/1169\/revisions"}],"predecessor-version":[{"id":16659,"href":"http:\/\/Euzet-les-Bains.fr\/index.php\/wp-json\/wp\/v2\/pages\/1169\/revisions\/16659"}],"up":[{"embeddable":true,"href":"http:\/\/Euzet-les-Bains.fr\/index.php\/wp-json\/wp\/v2\/pages\/4388"}],"wp:attachment":[{"href":"http:\/\/Euzet-les-Bains.fr\/index.php\/wp-json\/wp\/v2\/media?parent=1169"}],"curies":[{"name":"wp","href":"https:\/\/api.w.org\/{rel}","templated":true}]}}